{"id":53,"date":"2023-06-29T05:42:04","date_gmt":"2023-06-29T02:42:04","guid":{"rendered":"https:\/\/regizene.ro\/2024\/?page_id=53"},"modified":"2024-06-17T15:02:17","modified_gmt":"2024-06-17T12:02:17","slug":"festivalul-de-muzica-veche-miercurea-ciuc","status":"publish","type":"page","link":"https:\/\/regizene.ro\/2024\/language\/ro\/festivalul-de-muzica-veche-miercurea-ciuc\/","title":{"rendered":"Festivalul"},"content":{"rendered":"[vc_row type=&#8221;in_container&#8221; full_screen_row_position=&#8221;middle&#8221; column_margin=&#8221;default&#8221; column_direction=&#8221;default&#8221; column_direction_tablet=&#8221;default&#8221; column_direction_phone=&#8221;default&#8221; scene_position=&#8221;center&#8221; top_padding=&#8221;5%&#8221; bottom_padding=&#8221;0%&#8221; text_color=&#8221;dark&#8221; text_align=&#8221;left&#8221; row_border_radius=&#8221;none&#8221; row_border_radius_applies=&#8221;bg&#8221; overflow=&#8221;visible&#8221; overlay_strength=&#8221;0.3&#8243; gradient_direction=&#8221;left_to_right&#8221; shape_divider_position=&#8221;bottom&#8221; bg_image_animation=&#8221;none&#8221; gradient_type=&#8221;default&#8221; shape_type=&#8221;&#8221;][vc_column column_padding=&#8221;no-extra-padding&#8221; column_padding_tablet=&#8221;inherit&#8221; column_padding_phone=&#8221;inherit&#8221; column_padding_position=&#8221;all&#8221; column_element_direction_desktop=&#8221;default&#8221; column_element_spacing=&#8221;default&#8221; desktop_text_alignment=&#8221;default&#8221; tablet_text_alignment=&#8221;default&#8221; phone_text_alignment=&#8221;default&#8221; background_color_opacity=&#8221;1&#8243; background_hover_color_opacity=&#8221;1&#8243; column_backdrop_filter=&#8221;none&#8221; column_shadow=&#8221;none&#8221; column_border_radius=&#8221;none&#8221; column_link_target=&#8221;_self&#8221; column_position=&#8221;default&#8221; gradient_direction=&#8221;left_to_right&#8221; overlay_strength=&#8221;0.3&#8243; width=&#8221;1\/1&#8243; tablet_width_inherit=&#8221;default&#8221; animation_type=&#8221;default&#8221; bg_image_animation=&#8221;none&#8221; border_type=&#8221;simple&#8221; column_border_width=&#8221;none&#8221; column_border_style=&#8221;solid&#8221;][vc_custom_heading text=&#8221;Programul Festivalului de Muzic\u0103 Veche Miercurea Ciuc&#8221; use_theme_fonts=&#8221;yes&#8221;][vc_row_inner equal_height=&#8221;yes&#8221; content_placement=&#8221;middle&#8221; column_margin=&#8221;default&#8221; column_direction=&#8221;default&#8221; column_direction_tablet=&#8221;default&#8221; column_direction_phone=&#8221;default&#8221; text_align=&#8221;left&#8221; row_position=&#8221;default&#8221; row_position_tablet=&#8221;inherit&#8221; row_position_phone=&#8221;inherit&#8221; overflow=&#8221;visible&#8221; pointer_events=&#8221;all&#8221;][vc_column_inner column_padding=&#8221;no-extra-padding&#8221; column_padding_tablet=&#8221;inherit&#8221; column_padding_phone=&#8221;inherit&#8221; column_padding_position=&#8221;all&#8221; column_element_direction_desktop=&#8221;default&#8221; column_element_spacing=&#8221;default&#8221; desktop_text_alignment=&#8221;default&#8221; tablet_text_alignment=&#8221;default&#8221; phone_text_alignment=&#8221;default&#8221; background_color_opacity=&#8221;1&#8243; background_hover_color_opacity=&#8221;1&#8243; column_backdrop_filter=&#8221;none&#8221; column_shadow=&#8221;none&#8221; column_border_radius=&#8221;none&#8221; column_link_target=&#8221;_self&#8221; overflow=&#8221;visible&#8221; gradient_direction=&#8221;left_to_right&#8221; overlay_strength=&#8221;0.3&#8243; width=&#8221;2\/3&#8243; tablet_width_inherit=&#8221;default&#8221; animation_type=&#8221;default&#8221; bg_image_animation=&#8221;none&#8221; border_type=&#8221;simple&#8221; column_border_width=&#8221;none&#8221; column_border_style=&#8221;solid&#8221;][vc_column_text]\t\t<div class=\"wcs-timetable__wrapper\">\n\t\t\t<div class=\"wcs-vue\" id=\"wcs-app-7\"><\/div>\n\t\t<\/div>\n\t\t[\/vc_column_text][nectar_btn size=&#8221;jumbo&#8221; button_style=&#8221;regular&#8221; button_color_2=&#8221;Extra-Color-1&#8243; solid_text_color_override=&#8221;#ffffff&#8221; icon_family=&#8221;none&#8221; text=&#8221;Mai multe programe&#8221; url=&#8221;https:\/\/regizene.ro\/2024\/language\/ro\/programul\/&#8221;][\/vc_column_inner][vc_column_inner column_padding=&#8221;no-extra-padding&#8221; column_padding_tablet=&#8221;inherit&#8221; column_padding_phone=&#8221;inherit&#8221; column_padding_position=&#8221;all&#8221; column_element_direction_desktop=&#8221;default&#8221; column_element_spacing=&#8221;default&#8221; desktop_text_alignment=&#8221;default&#8221; tablet_text_alignment=&#8221;default&#8221; phone_text_alignment=&#8221;default&#8221; background_color_opacity=&#8221;1&#8243; background_hover_color_opacity=&#8221;1&#8243; column_backdrop_filter=&#8221;none&#8221; column_shadow=&#8221;none&#8221; column_border_radius=&#8221;none&#8221; column_link_target=&#8221;_self&#8221; overflow=&#8221;visible&#8221; gradient_direction=&#8221;left_to_right&#8221; overlay_strength=&#8221;0.3&#8243; width=&#8221;1\/3&#8243; tablet_width_inherit=&#8221;default&#8221; animation_type=&#8221;default&#8221; bg_image_animation=&#8221;none&#8221; border_type=&#8221;simple&#8221; column_border_width=&#8221;none&#8221; column_border_style=&#8221;solid&#8221;][image_with_animation image_url=&#8221;75&#8243; image_size=&#8221;full&#8221; animation_type=&#8221;entrance&#8221; animation=&#8221;Fade In&#8221; animation_easing=&#8221;easeInQuad&#8221; animation_movement_type=&#8221;transform_y&#8221; hover_animation=&#8221;none&#8221; alignment=&#8221;center&#8221; border_radius=&#8221;none&#8221; box_shadow=&#8221;none&#8221; image_loading=&#8221;default&#8221; max_width=&#8221;100%&#8221; max_width_mobile=&#8221;default&#8221; delay=&#8221;100&#8243;][\/vc_column_inner][\/vc_row_inner][\/vc_column][\/vc_row][vc_row type=&#8221;full_width_background&#8221; full_screen_row_position=&#8221;middle&#8221; column_margin=&#8221;default&#8221; column_direction=&#8221;default&#8221; column_direction_tablet=&#8221;default&#8221; column_direction_phone=&#8221;default&#8221; bg_image=&#8221;77&#8243; bg_position=&#8221;center center&#8221; background_image_loading=&#8221;default&#8221; bg_repeat=&#8221;no-repeat&#8221; scene_position=&#8221;center&#8221; top_padding=&#8221;5%&#8221; bottom_padding=&#8221;5%&#8221; text_color=&#8221;custom&#8221; custom_text_color=&#8221;#ffffff&#8221; text_align=&#8221;left&#8221; row_border_radius=&#8221;none&#8221; row_border_radius_applies=&#8221;bg&#8221; overflow=&#8221;visible&#8221; overlay_strength=&#8221;0.3&#8243; gradient_direction=&#8221;left_to_right&#8221; shape_divider_position=&#8221;bottom&#8221; bg_image_animation=&#8221;none&#8221; gradient_type=&#8221;default&#8221; shape_type=&#8221;&#8221;][vc_column column_padding=&#8221;no-extra-padding&#8221; column_padding_tablet=&#8221;inherit&#8221; column_padding_phone=&#8221;inherit&#8221; column_padding_position=&#8221;all&#8221; column_element_direction_desktop=&#8221;default&#8221; column_element_spacing=&#8221;default&#8221; desktop_text_alignment=&#8221;default&#8221; tablet_text_alignment=&#8221;default&#8221; phone_text_alignment=&#8221;default&#8221; background_color_opacity=&#8221;1&#8243; background_hover_color_opacity=&#8221;1&#8243; column_backdrop_filter=&#8221;none&#8221; column_shadow=&#8221;none&#8221; column_border_radius=&#8221;none&#8221; column_link_target=&#8221;_self&#8221; column_position=&#8221;default&#8221; gradient_direction=&#8221;left_to_right&#8221; overlay_strength=&#8221;0.3&#8243; width=&#8221;1\/1&#8243; tablet_width_inherit=&#8221;default&#8221; animation_type=&#8221;default&#8221; bg_image_animation=&#8221;none&#8221; border_type=&#8221;simple&#8221; column_border_width=&#8221;none&#8221; column_border_style=&#8221;solid&#8221;][vc_custom_heading text=&#8221;Universitatea de Var\u0103&#8221; use_theme_fonts=&#8221;yes&#8221; css=&#8221;.vc_custom_1688627019257{margin-bottom: 30px !important;}&#8221;][vc_row_inner column_margin=&#8221;60px&#8221; column_direction=&#8221;default&#8221; column_direction_tablet=&#8221;default&#8221; column_direction_phone=&#8221;default&#8221; text_align=&#8221;left&#8221; row_position=&#8221;default&#8221; row_position_tablet=&#8221;inherit&#8221; row_position_phone=&#8221;inherit&#8221; overflow=&#8221;visible&#8221; pointer_events=&#8221;all&#8221;][vc_column_inner column_padding=&#8221;no-extra-padding&#8221; column_padding_tablet=&#8221;inherit&#8221; column_padding_phone=&#8221;inherit&#8221; column_padding_position=&#8221;all&#8221; column_element_direction_desktop=&#8221;default&#8221; column_element_spacing=&#8221;default&#8221; desktop_text_alignment=&#8221;default&#8221; tablet_text_alignment=&#8221;default&#8221; phone_text_alignment=&#8221;default&#8221; background_color_opacity=&#8221;1&#8243; background_hover_color_opacity=&#8221;1&#8243; column_backdrop_filter=&#8221;none&#8221; column_shadow=&#8221;none&#8221; column_border_radius=&#8221;none&#8221; column_link_target=&#8221;_self&#8221; overflow=&#8221;visible&#8221; gradient_direction=&#8221;left_to_right&#8221; overlay_strength=&#8221;0.3&#8243; width=&#8221;1\/2&#8243; tablet_width_inherit=&#8221;default&#8221; animation_type=&#8221;default&#8221; bg_image_animation=&#8221;none&#8221; border_type=&#8221;simple&#8221; column_border_width=&#8221;none&#8221; column_border_style=&#8221;solid&#8221;][vc_column_text]La cursuri se pot \u00eenscrie participan\u0163i care au \u00eemplinit <strong>v\u00e2rsta de 10 ani <\/strong>\u015fi au experien\u0163\u0103 (muzical\u0103) anterioar\u0103 \u00een domeniul respectiv.<\/p>\n<p>Formele de participare:<\/p>\n<p>Taxa de participare pentru cursan\u0163ii <em><strong>activi<\/strong><\/em> este <strong>500 RON<\/strong>\/persoan\u0103, care asigur\u0103 participarea activ\u0103 la 1 curs de m\u0103iestrie \u015fi la cursurile practice pentru to\u0163i participan\u0163ii.<\/p>\n<p>Mul\u0163umit\u0103 parteneriatului cu <em><strong>Liceul de Art\u0103 \u201eNagy Istv\u00e1n\u201d<\/strong><\/em>, elevii \u015fi profesorii liceului au posibilitatea de a beneficia de o tax\u0103 redus\u0103: <strong>300 RON<\/strong>\/persoan\u0103.<\/p>\n<p>Taxa de curs NU INCLUDE cazare \u015fi mas\u0103, acestea fiind suportate de c\u0103tre cursan\u0163i.[\/vc_column_text][\/vc_column_inner][vc_column_inner column_padding=&#8221;no-extra-padding&#8221; column_padding_tablet=&#8221;inherit&#8221; column_padding_phone=&#8221;inherit&#8221; column_padding_position=&#8221;all&#8221; column_element_direction_desktop=&#8221;default&#8221; column_element_spacing=&#8221;default&#8221; desktop_text_alignment=&#8221;default&#8221; tablet_text_alignment=&#8221;default&#8221; phone_text_alignment=&#8221;default&#8221; background_color_opacity=&#8221;1&#8243; background_hover_color_opacity=&#8221;1&#8243; column_backdrop_filter=&#8221;none&#8221; column_shadow=&#8221;none&#8221; column_border_radius=&#8221;none&#8221; column_link_target=&#8221;_self&#8221; overflow=&#8221;visible&#8221; gradient_direction=&#8221;left_to_right&#8221; overlay_strength=&#8221;0.3&#8243; width=&#8221;1\/2&#8243; tablet_width_inherit=&#8221;default&#8221; animation_type=&#8221;default&#8221; bg_image_animation=&#8221;none&#8221; border_type=&#8221;simple&#8221; column_border_width=&#8221;none&#8221; column_border_style=&#8221;solid&#8221;][vc_column_text]Cursuri de m\u0103iestrie:<\/p>\n<p>L\u0103ut\u0103 \u0219i chitar\u0103<span style=\"font-weight: 400;\"> \u2013Istv\u00e1n K\u00f3nya (Ungaria)<br \/>\n<\/span>Flaut drept \u0219i flaut oblic <span style=\"font-weight: 400;\">\u2013 Zolt\u00e1n Sz\u00e9plaki (Ungaria)<br \/>\n<\/span>Canto<span style=\"font-weight: 400;\"> \u2013 R\u00e9ka Pal\u00f3cz (Ungaria)<br \/>\n<\/span>Vioar\u0103 baroc\u0103<span style=\"font-weight: 400;\"> \u2013 Piroska Vit\u00e1rius (Ungaria)<br \/>\n<\/span>Clavecin <span style=\"font-weight: 400;\">\u2013 Nicholas Parle\u00a0(Anglia)<br \/>\n<\/span>Viola da gamba \u015fi violone<span style=\"font-weight: 400;\"> \u2013 Istv\u00e1n Csata (Rom\u00e2nia)<br \/>\n<\/span>Forma\u0163ie de muzic\u0103 renascentist\u0103 \u2013 <span style=\"font-weight: 400;\">Rumen Istv\u00e1n Cs\u00f6rsz, Val\u00e9ria Pribay (Ungaria)<br \/>\n<\/span>Percu\u0163ie \u00een muzica veche, curs cameral de percu\u0163ie <span style=\"font-weight: 400;\">\u2013 Roland Kasza, Bal\u00e1zs Sud\u00e1r (Ungaria)<br \/>\n<\/span>Cor \u0219i dirijat coral<span style=\"font-weight: 400;\"> &#8211; G\u00e1bor Kov\u00e1cs (Ungaria)<\/span>[\/vc_column_text][\/vc_column_inner][\/vc_row_inner][vc_column_text]<a href=\"https:\/\/regizene.ro\/2024\/language\/ro\/universitatea-de-vara\/\">Mai multe informa\u021bii &gt;<\/a><\/p>\n[\/vc_column_text][\/vc_column][\/vc_row][vc_row type=&#8221;full_width_content&#8221; full_screen_row_position=&#8221;middle&#8221; column_margin=&#8221;default&#8221; equal_height=&#8221;yes&#8221; column_direction=&#8221;default&#8221; column_direction_tablet=&#8221;default&#8221; column_direction_phone=&#8221;default&#8221; scene_position=&#8221;center&#8221; text_color=&#8221;dark&#8221; text_align=&#8221;left&#8221; row_border_radius=&#8221;none&#8221; row_border_radius_applies=&#8221;bg&#8221; overflow=&#8221;visible&#8221; id=&#8221;full-width&#8221; overlay_strength=&#8221;0.3&#8243; gradient_direction=&#8221;left_to_right&#8221; shape_divider_position=&#8221;bottom&#8221; bg_image_animation=&#8221;none&#8221; gradient_type=&#8221;default&#8221; shape_type=&#8221;&#8221;][vc_column column_element_direction_desktop=&#8221;default&#8221; column_element_spacing=&#8221;default&#8221; desktop_text_alignment=&#8221;default&#8221; tablet_text_alignment=&#8221;default&#8221; phone_text_alignment=&#8221;default&#8221; background_color_opacity=&#8221;1&#8243; background_hover_color_opacity=&#8221;1&#8243; background_image=&#8221;85&#8243; background_image_position=&#8221;center center&#8221; background_image_stacking=&#8221;default&#8221; background_image_loading=&#8221;default&#8221; column_backdrop_filter=&#8221;none&#8221; column_shadow=&#8221;none&#8221; column_border_radius=&#8221;none&#8221; column_link_target=&#8221;_self&#8221; column_position=&#8221;default&#8221; el_class=&#8221;extra-padding&#8221; gradient_direction=&#8221;left_to_right&#8221; overlay_strength=&#8221;0.3&#8243; width=&#8221;5\/12&#8243; tablet_width_inherit=&#8221;default&#8221; animation_type=&#8221;default&#8221; bg_image_animation=&#8221;none&#8221; border_type=&#8221;simple&#8221; column_border_width=&#8221;none&#8221; column_border_style=&#8221;solid&#8221; column_padding_type=&#8221;advanced&#8221; gradient_type=&#8221;default&#8221;][vc_custom_heading text=&#8221;\u201eCu \ufb02uiere, tobe \u0219i scripc\u0103\u201d \u2013 Activit\u0103\u021bi muzicale pentru copii, cu Julcsi \u00c1d\u00e1m&#8221; font_container=&#8221;tag:h2|text_align:left|color:%23707070&#8243; use_theme_fonts=&#8221;yes&#8221; css=&#8221;.vc_custom_1688466731470{margin-bottom: 50px !important;}&#8221;][vc_column_text]\n<div class=\"wpb_text_column wpb_content_element \">\n<div class=\"wpb_wrapper\">\n<p><span style=\"font-weight: 400;\">Datorit\u0103 popularit\u0103\u021bii deosebite a festivalului, \u0219i \u00een acest an, copiii mai mici vor avea ocazia de a se bucura de c\u00e2ntece \u0219i crea\u021bii muzicale la Festivalul de Muzic\u0103 Veche. Pot \u00eenv\u0103\u021ba c\u00e2ntece \u0219i poezii vesele pentru copii, \u0219i se pot apropia de lumea muzicii timpurii \u00eentr-un mod interactiv, cu instrumente ritmice \u0219i jocuri pentru copii care vor crea o atmosfer\u0103 pl\u0103cut\u0103. \u00cei a\u0219tept\u0103m cu drag pe to\u021bi copiii cu v\u00e2rsta minim\u0103 de 6 ani, care doresc s\u0103 c\u00e2nte, s\u0103 se joace \u0219i s\u0103 \u00eencerce instrumente muzicale \u00een spa\u021biul cultural<\/span><b> Zeng\u0151 T\u00e9r<\/b><span style=\"font-weight: 400;\">.<\/span><\/p>\n<p><span style=\"font-weight: 400;\">Taxa de participare este de 30 de lei\/zi, iar \u00eenscrierile se fac personal la secretariatul Centrului Cultural Jude\u021bean Harghita, \u00een zilele lucr\u0103toare, \u00eentre orele 9.00 \u0219i 15.00, sau la num\u0103rul de telefon +40 746 244 235. Num\u0103rul de locuri este limitat.<\/span><\/p>\n<p>Data 15-17 iulie, \u00eentre orele 10-12.<br \/>\nLoca\u021bie: Miercurea Ciuc, Spa\u021biul cultural<strong> Zeng\u0151 T\u00e9r<\/strong>, la adresa: Str. Pet\u0151fi, nr. 35.<\/p>\n<\/div>\n<\/div>\n[\/vc_column_text][\/vc_column][vc_column column_padding=&#8221;no-extra-padding&#8221; column_padding_tablet=&#8221;inherit&#8221; column_padding_phone=&#8221;inherit&#8221; column_padding_position=&#8221;all&#8221; column_element_direction_desktop=&#8221;default&#8221; column_element_spacing=&#8221;default&#8221; desktop_text_alignment=&#8221;default&#8221; tablet_text_alignment=&#8221;default&#8221; phone_text_alignment=&#8221;default&#8221; background_color_opacity=&#8221;1&#8243; background_hover_color_opacity=&#8221;1&#8243; background_image=&#8221;474&#8243; background_image_position=&#8221;center center&#8221; background_image_stacking=&#8221;default&#8221; background_image_loading=&#8221;default&#8221; column_backdrop_filter=&#8221;none&#8221; column_shadow=&#8221;none&#8221; column_border_radius=&#8221;none&#8221; column_link_target=&#8221;_self&#8221; column_position=&#8221;default&#8221; gradient_direction=&#8221;left_to_right&#8221; overlay_strength=&#8221;0.3&#8243; width=&#8221;7\/12&#8243; tablet_width_inherit=&#8221;default&#8221; animation_type=&#8221;default&#8221; bg_image_animation=&#8221;none&#8221; border_type=&#8221;simple&#8221; column_border_width=&#8221;none&#8221; column_border_style=&#8221;solid&#8221; column_padding_type=&#8221;default&#8221; gradient_type=&#8221;default&#8221;][\/vc_column][\/vc_row][vc_row type=&#8221;full_width_background&#8221; full_screen_row_position=&#8221;middle&#8221; column_margin=&#8221;default&#8221; column_direction=&#8221;default&#8221; column_direction_tablet=&#8221;default&#8221; column_direction_phone=&#8221;default&#8221; bg_color=&#8221;#ffffff&#8221; scene_position=&#8221;center&#8221; top_padding=&#8221;5%&#8221; bottom_padding=&#8221;10%&#8221; text_color=&#8221;custom&#8221; custom_text_color=&#8221;#707070&#8243; text_align=&#8221;left&#8221; row_border_radius=&#8221;none&#8221; row_border_radius_applies=&#8221;bg&#8221; overflow=&#8221;visible&#8221; overlay_strength=&#8221;0.3&#8243; gradient_direction=&#8221;left_to_right&#8221; shape_divider_position=&#8221;bottom&#8221; bg_image_animation=&#8221;none&#8221; gradient_type=&#8221;default&#8221; shape_type=&#8221;&#8221;][vc_column column_padding=&#8221;no-extra-padding&#8221; column_padding_tablet=&#8221;inherit&#8221; column_padding_phone=&#8221;inherit&#8221; column_padding_position=&#8221;all&#8221; column_element_direction_desktop=&#8221;default&#8221; column_element_spacing=&#8221;default&#8221; desktop_text_alignment=&#8221;center&#8221; tablet_text_alignment=&#8221;default&#8221; phone_text_alignment=&#8221;default&#8221; background_color_opacity=&#8221;1&#8243; background_hover_color_opacity=&#8221;1&#8243; column_backdrop_filter=&#8221;none&#8221; column_shadow=&#8221;none&#8221; column_border_radius=&#8221;none&#8221; column_link_target=&#8221;_self&#8221; column_position=&#8221;default&#8221; gradient_direction=&#8221;left_to_right&#8221; overlay_strength=&#8221;0.3&#8243; width=&#8221;1\/1&#8243; tablet_width_inherit=&#8221;default&#8221; animation_type=&#8221;default&#8221; bg_image_animation=&#8221;none&#8221; border_type=&#8221;simple&#8221; column_border_width=&#8221;none&#8221; column_border_style=&#8221;solid&#8221; column_padding_type=&#8221;default&#8221; gradient_type=&#8221;default&#8221;][vc_custom_heading text=&#8221;Dac\u0103 dori\u021bi s\u0103 fi\u021bi la curent cu detaliile evenimentului, abona\u021bi-v\u0103 la newsletter-ul nostru!&#8221; font_container=&#8221;tag:h2|text_align:center|color:%23707070&#8243; use_theme_fonts=&#8221;yes&#8221; css=&#8221;.vc_custom_1716877343536{margin-bottom: 50px !important;}&#8221;]<div class=\"wpforms-container wpforms-container-full wpforms-render-modern\" id=\"wpforms-945\"><form id=\"wpforms-form-945\" class=\"wpforms-validate wpforms-form wpforms-ajax-form\" data-formid=\"945\" method=\"post\" enctype=\"multipart\/form-data\" action=\"\/2024\/wp-json\/wp\/v2\/pages\/53\" data-token=\"d4a54ee5d31ba89035e7b49ebea89ba2\" data-token-time=\"1777629057\"><noscript class=\"wpforms-error-noscript\">Please enable JavaScript in your browser to complete this form.<\/noscript><div class=\"wpforms-hidden\" id=\"wpforms-error-noscript\">Please enable JavaScript in your browser to complete this form.<\/div><div class=\"wpforms-field-container\"><div id=\"wpforms-945-field_0-container\" class=\"wpforms-field wpforms-field-name\" data-field-id=\"0\"><fieldset><legend class=\"wpforms-field-label wpforms-label-hide\" aria-hidden=\"false\">N\u00e9v <span class=\"wpforms-required-label\" aria-hidden=\"true\">*<\/span><\/legend><div class=\"wpforms-field-row wpforms-field-large\"><div class=\"wpforms-field-row-block wpforms-first wpforms-one-half\"><input type=\"text\" id=\"wpforms-945-field_0\" class=\"wpforms-field-name-first wpforms-field-required\" name=\"wpforms[fields][0][first]\" placeholder=\"Nume\" aria-errormessage=\"wpforms-945-field_0-error\" required><label for=\"wpforms-945-field_0\" class=\"wpforms-field-sublabel after wpforms-sublabel-hide\">First<\/label><\/div><div class=\"wpforms-field-row-block wpforms-one-half\"><input type=\"text\" id=\"wpforms-945-field_0-last\" class=\"wpforms-field-name-last wpforms-field-required\" name=\"wpforms[fields][0][last]\" placeholder=\"Prenume\" aria-errormessage=\"wpforms-945-field_0-last-error\" required><label for=\"wpforms-945-field_0-last\" class=\"wpforms-field-sublabel after wpforms-sublabel-hide\">Last<\/label><\/div><\/div><\/fieldset><\/div><div id=\"wpforms-945-field_1-container\" class=\"wpforms-field wpforms-field-email\" data-field-id=\"1\"><label class=\"wpforms-field-label wpforms-label-hide\" for=\"wpforms-945-field_1\" aria-hidden=\"false\">Adresa de e-mail <span class=\"wpforms-required-label\" aria-hidden=\"true\">*<\/span><\/label><input type=\"email\" id=\"wpforms-945-field_1\" class=\"wpforms-field-large wpforms-field-required\" name=\"wpforms[fields][1]\" placeholder=\"E-mail c\u00edm\" spellcheck=\"false\" aria-errormessage=\"wpforms-945-field_1-error\" required><\/div><\/div><!-- .wpforms-field-container --><div class=\"wpforms-submit-container\" ><input type=\"hidden\" name=\"wpforms[id]\" value=\"945\"><input type=\"hidden\" name=\"page_title\" value=\"\"><input type=\"hidden\" name=\"page_url\" value=\"https:\/\/regizene.ro\/2024\/wp-json\/wp\/v2\/pages\/53\"><button type=\"submit\" name=\"wpforms[submit]\" id=\"wpforms-submit-945\" class=\"wpforms-submit\" data-alt-text=\"Aboneaz\u0103...\" data-submit-text=\"M\u0103 abonez\" aria-live=\"assertive\" value=\"wpforms-submit\">M\u0103 abonez<\/button><img loading=\"lazy\" decoding=\"async\" src=\"https:\/\/regizene.ro\/2024\/wp-content\/plugins\/wpforms\/assets\/images\/submit-spin.svg\" class=\"wpforms-submit-spinner\" style=\"display: none;\" width=\"26\" height=\"26\" alt=\"Loading\"><\/div><\/form><\/div>  <!-- .wpforms-container -->[divider line_type=&#8221;No Line&#8221; custom_height=&#8221;66&#8243;][\/vc_column][vc_column column_padding=&#8221;no-extra-padding&#8221; column_padding_tablet=&#8221;inherit&#8221; column_padding_phone=&#8221;inherit&#8221; column_padding_position=&#8221;all&#8221; column_element_direction_desktop=&#8221;default&#8221; column_element_spacing=&#8221;default&#8221; desktop_text_alignment=&#8221;default&#8221; tablet_text_alignment=&#8221;default&#8221; phone_text_alignment=&#8221;default&#8221; background_color_opacity=&#8221;1&#8243; background_hover_color_opacity=&#8221;1&#8243; column_backdrop_filter=&#8221;none&#8221; column_shadow=&#8221;none&#8221; column_border_radius=&#8221;none&#8221; column_link_target=&#8221;_self&#8221; column_position=&#8221;default&#8221; gradient_direction=&#8221;left_to_right&#8221; overlay_strength=&#8221;0.3&#8243; width=&#8221;1\/1&#8243; tablet_width_inherit=&#8221;default&#8221; animation_type=&#8221;default&#8221; bg_image_animation=&#8221;none&#8221; border_type=&#8221;simple&#8221; column_border_width=&#8221;none&#8221; column_border_style=&#8221;solid&#8221;][vc_custom_heading text=&#8221;Arhiva&#8221; font_container=&#8221;tag:h2|text_align:center|color:%23707070&#8243; use_theme_fonts=&#8221;yes&#8221; css=&#8221;.vc_custom_1688627124224{margin-bottom: 50px !important;}&#8221;][carousel script=&#8221;owl_carousel&#8221; desktop_cols=&#8221;4&#8243; desktop_small_cols=&#8221;3&#8243; tablet_cols=&#8221;1&#8243; mobile_cols=&#8221;1&#8243; column_padding=&#8221;0&#8243;][item simple_slider_bg_image_position=&#8221;default&#8221; simple_slider_overlay_strength=&#8221;0.3&#8243; simple_slider_bg_image_loading=&#8221;default&#8221; id=&#8221;1718094459698-1&#8243; tab_id=&#8221;1718094459699-6&#8243; title=&#8221;T\u00e9tel&#8221;][image_with_animation image_url=&#8221;1375&#8243; image_size=&#8221;full&#8221; animation_type=&#8221;entrance&#8221; animation=&#8221;None&#8221; animation_movement_type=&#8221;transform_y&#8221; hover_animation=&#8221;zoom&#8221; alignment=&#8221;center&#8221; img_link_target=&#8221;_blank&#8221; border_radius=&#8221;20px&#8221; box_shadow=&#8221;none&#8221; image_loading=&#8221;default&#8221; max_width=&#8221;50%&#8221; max_width_mobile=&#8221;default&#8221; img_link=&#8221;https:\/\/regizene.ro\/2024\/ro\/2022\/&#8221;][vc_column_text]\n<p style=\"text-align: center;\"><a href=\"https:\/\/regizene.ro\/2024\/2023\/\">2023<\/a><\/p>\n<p><strong>Perioada: <\/strong>8\u201316 iulie 2023<\/p>\n<p><strong>Tema:<\/strong> 400 de ani de existen\u021b\u0103 a Castelului Mik\u00f3<\/p>\n<p><strong>Participan\u021bi:<br \/>\n<\/strong>Prisma (DE)<br \/>\nMad\u00e9falvi Schola (RO) &amp; Canlar (HU)<br \/>\nK\u00e1joni Consort (RO)<br \/>\nCarmina Renascentia (RO)<br \/>\nConcerto Spiralis (RO, HU)<br \/>\nG\u00e1bor El\u0151d (RO)<br \/>\nOboe Band (RO, HU, DE)<br \/>\nK\u00f3nya Istv\u00e1n (HU)<br \/>\nBaroque Festival Orchestra (HU, RO, DE)<br \/>\nCodex (RO)<br \/>\nMusica Historica (HU)<br \/>\nTrei Parale (RO)<br \/>\nDuo Vargfot (NO, CH)<br \/>\nDador Projekt (HU)<\/p>\n<p><strong>Universitatea de Var\u0103 de Muzic\u0103 Veche, edi\u021bia a XV-a<\/strong><\/p>\n<p><strong>Director artistic al Festivalului: <\/strong>Dr. Filip Ign\u00e1c Csaba[\/vc_column_text][\/item][item simple_slider_bg_image_position=&#8221;default&#8221; simple_slider_overlay_strength=&#8221;0.3&#8243; simple_slider_bg_image_loading=&#8221;default&#8221; id=&#8221;1718094459748-3&#8243; tab_id=&#8221;1718094459748-6&#8243; title=&#8221;T\u00e9tel&#8221;][image_with_animation image_url=&#8221;622&#8243; image_size=&#8221;full&#8221; animation_type=&#8221;entrance&#8221; animation=&#8221;None&#8221; animation_movement_type=&#8221;transform_y&#8221; hover_animation=&#8221;zoom&#8221; alignment=&#8221;center&#8221; img_link_target=&#8221;_blank&#8221; border_radius=&#8221;20px&#8221; box_shadow=&#8221;none&#8221; image_loading=&#8221;default&#8221; max_width=&#8221;50%&#8221; max_width_mobile=&#8221;default&#8221; img_link=&#8221;https:\/\/regizene.ro\/2024\/ro\/2022\/&#8221;][vc_column_text]\n<p style=\"text-align: center;\"><a href=\"https:\/\/regizene.ro\/2024\/ro\/2022\/\" target=\"_blank\" rel=\"noopener\"><em>2022<\/em><\/a><\/p>\n<p class=\"p1\"><b>Perioada: <\/b>\u00a09\u201317 iulie 2022<\/p>\n<p class=\"p1\"><b>Tema:<\/b> Natura<\/p>\n<p class=\"p2\"><b>Participan\u021bi:<br \/>\n<\/b>Obsidienne (FR)<br \/>\nMad\u00e9falvi Schola (RO)<br \/>\nConcerto Spiralis (HU, RO)<br \/>\nSempre (RO)<br \/>\nCipriana Sm\u0103r\u0103ndescu (IT)<br \/>\nPrezentare de carte \u2013 Elena Maria \u0218orban (RO)<br \/>\nCanlar (HU)<br \/>\nK\u00e1joni Consort (RO)<br \/>\nCodex (RO)<br \/>\nFlauto Dolce (RO)<br \/>\nBaroque Festival Orchestra (RO)<br \/>\nCarmina Renascentia (RO)<br \/>\nMusica Historica (HU)<br \/>\nErich T\u00fcrk (RO)<br \/>\nHortus Musicus (EE)<\/p>\n<p class=\"p1\"><b>Universitatea de Var\u0103 de Muzic\u0103 Veche, edi\u021bia a XIV-a<\/b><\/p>\n<p class=\"p1\"><span class=\"s1\"><b>Director artistic al Festivalului: <\/b><\/span>Dr.<b> <\/b>Filip Ign\u00e1c Csaba<\/p>\n[\/vc_column_text][\/item][item simple_slider_bg_image_position=&#8221;default&#8221; simple_slider_overlay_strength=&#8221;0.3&#8243; simple_slider_bg_image_loading=&#8221;default&#8221; id=&#8221;1718094459788-9&#8243; tab_id=&#8221;1718094459788-1&#8243; title=&#8221;T\u00e9tel&#8221;][image_with_animation image_url=&#8221;624&#8243; image_size=&#8221;full&#8221; animation_type=&#8221;entrance&#8221; animation=&#8221;None&#8221; animation_movement_type=&#8221;transform_y&#8221; hover_animation=&#8221;none&#8221; alignment=&#8221;center&#8221; img_link_target=&#8221;_blank&#8221; border_radius=&#8221;20px&#8221; box_shadow=&#8221;none&#8221; image_loading=&#8221;default&#8221; max_width=&#8221;50%&#8221; max_width_mobile=&#8221;default&#8221; img_link=&#8221;https:\/\/regizene.ro\/2024\/hu\/2021\/&#8221;][vc_column_text]\n<p style=\"text-align: center;\"><a href=\"https:\/\/regizene.ro\/2024\/ro\/2021\/\"><em>\u00a02021\u00a0<\/em><\/a><\/p>\n<p><strong>Perioada: <\/strong>10\u201318 iulie 2021<\/p>\n<p><strong>Tema:<\/strong> C\u0103l\u0103torie<\/p>\n<p><strong>Participan\u021bi:<\/strong><br \/>\nRenaissance (RS)<br \/>\nK\u00e1joni Consort (RO)<br \/>\nMiqu\u00e8u Montanaro (FR) &amp; Musica Historica (HU)<br \/>\nErdal \u015ealiko\u011flu (TR)<br \/>\nJi\u0159\u00ed Havrlant (CZ)<br \/>\nFonte di Gioia (RO)<br \/>\nXVIII-21, Le Baroque Nomade (FR, RO)<br \/>\nCorul Na\u021bional de Camer\u0103 \u201dMadrigal &#8211; Marin Constantin\u201d (RO)<br \/>\nCaius Hera (RO)<br \/>\nCarmina Renascentia (RO)<br \/>\nCodex (RO)<br \/>\nArs pro Toto (RO)<br \/>\nOrchestra Baroc\u0103 a Festivalului (RO)<\/p>\n<p><strong><br \/>\nUniversitatea de Var\u0103 de Muzic\u0103 Veche, edi\u021bia a XIII-a<\/strong><\/p>\n<p><strong>Director artistic al Festivalului: <\/strong>Dr. Filip Ign\u00e1c Csaba[\/vc_column_text][\/item][item simple_slider_bg_image_position=&#8221;default&#8221; simple_slider_overlay_strength=&#8221;0.3&#8243; simple_slider_bg_image_loading=&#8221;default&#8221; id=&#8221;1718094459816-0&#8243; tab_id=&#8221;1718094459817-0&#8243; title=&#8221;T\u00e9tel&#8221;][image_with_animation image_url=&#8221;627&#8243; image_size=&#8221;full&#8221; animation_type=&#8221;entrance&#8221; animation=&#8221;None&#8221; animation_movement_type=&#8221;transform_y&#8221; hover_animation=&#8221;none&#8221; alignment=&#8221;center&#8221; img_link_target=&#8221;_blank&#8221; border_radius=&#8221;20px&#8221; box_shadow=&#8221;none&#8221; image_loading=&#8221;default&#8221; max_width=&#8221;50%&#8221; max_width_mobile=&#8221;default&#8221; img_link=&#8221;https:\/\/regizene.ro\/2024\/hu\/2020\/&#8221;][vc_column_text]\n<p style=\"text-align: center;\"><a href=\"https:\/\/regizene.ro\/2024\/ro\/2020\/\"><em>2020<\/em><\/a><\/p>\n[\/vc_column_text][\/item][\/carousel][\/vc_column][\/vc_row]\n","protected":false},"excerpt":{"rendered":"<p>[vc_row type=&#8221;in_container&#8221; full_screen_row_position=&#8221;middle&#8221; column_margin=&#8221;default&#8221; column_direction=&#8221;default&#8221; column_direction_tablet=&#8221;default&#8221; column_direction_phone=&#8221;default&#8221; scene_position=&#8221;center&#8221; top_padding=&#8221;5%&#8221; bottom_padding=&#8221;0%&#8221; text_color=&#8221;dark&#8221; text_align=&#8221;left&#8221; row_border_radius=&#8221;none&#8221; row_border_radius_applies=&#8221;bg&#8221; overflow=&#8221;visible&#8221; overlay_strength=&#8221;0.3&#8243; gradient_direction=&#8221;left_to_right&#8221; shape_divider_position=&#8221;bottom&#8221; bg_image_animation=&#8221;none&#8221; gradient_type=&#8221;default&#8221; shape_type=&#8221;&#8221;][vc_column column_padding=&#8221;no-extra-padding&#8221; column_padding_tablet=&#8221;inherit&#8221; column_padding_phone=&#8221;inherit&#8221; column_padding_position=&#8221;all&#8221; column_element_direction_desktop=&#8221;default&#8221; column_element_spacing=&#8221;default&#8221; desktop_text_alignment=&#8221;default&#8221; tablet_text_alignment=&#8221;default&#8221; phone_text_alignment=&#8221;default&#8221;&#8230;<\/p>\n","protected":false},"author":1,"featured_media":474,"parent":0,"menu_order":0,"comment_status":"closed","ping_status":"closed","template":"","meta":{"footnotes":""},"class_list":["post-53","page","type-page","status-publish","has-post-thumbnail"],"yoast_head":"<!-- This site is optimized with the Yoast SEO plugin v24.9 - https:\/\/yoast.com\/wordpress\/plugins\/seo\/ -->\n<title>Festivalul - Regizene<\/title>\n<meta name=\"description\" content=\"Muzica \u0219i atmosfera vremurilor trecute la Miercurea Ciuc, \u00een cadrul Festivalului de Muzic\u0103 Veche.\" \/>\n<meta name=\"robots\" content=\"index, follow, max-snippet:-1, max-image-preview:large, max-video-preview:-1\" \/>\n<link rel=\"canonical\" href=\"https:\/\/regizene.ro\/2024\/language\/ro\/festivalul-de-muzica-veche-miercurea-ciuc\/\" \/>\n<meta property=\"og:locale\" content=\"hu_HU\" \/>\n<meta property=\"og:type\" content=\"article\" \/>\n<meta property=\"og:title\" content=\"Festivalul - Regizene\" \/>\n<meta property=\"og:description\" content=\"Muzica \u0219i atmosfera vremurilor trecute la Miercurea Ciuc, \u00een cadrul Festivalului de Muzic\u0103 Veche.\" \/>\n<meta property=\"og:url\" content=\"https:\/\/regizene.ro\/2024\/language\/ro\/festivalul-de-muzica-veche-miercurea-ciuc\/\" \/>\n<meta property=\"og:site_name\" content=\"Regizene\" \/>\n<meta property=\"article:modified_time\" content=\"2024-06-17T12:02:17+00:00\" \/>\n<meta property=\"og:image\" content=\"https:\/\/regizene.ro\/2024\/wp-content\/uploads\/2023\/07\/17.-Sippal-dobbal-Nadi-hegeduvel_Gyermekfoglalkozas._Adam-REbeka.jpg\" \/>\n\t<meta property=\"og:image:width\" content=\"2048\" \/>\n\t<meta property=\"og:image:height\" content=\"1480\" \/>\n\t<meta property=\"og:image:type\" content=\"image\/jpeg\" \/>\n<meta name=\"twitter:card\" content=\"summary_large_image\" \/>\n<meta name=\"twitter:label1\" content=\"Becs\u00fclt olvas\u00e1si id\u0151\" \/>\n\t<meta name=\"twitter:data1\" content=\"8 perc\" \/>\n<script type=\"application\/ld+json\" class=\"yoast-schema-graph\">{\"@context\":\"https:\/\/schema.org\",\"@graph\":[{\"@type\":\"WebPage\",\"@id\":\"https:\/\/regizene.ro\/2024\/language\/ro\/festivalul-de-muzica-veche-miercurea-ciuc\/\",\"url\":\"https:\/\/regizene.ro\/2024\/language\/ro\/festivalul-de-muzica-veche-miercurea-ciuc\/\",\"name\":\"Festivalul - Regizene\",\"isPartOf\":{\"@id\":\"https:\/\/regizene.ro\/2024\/#website\"},\"primaryImageOfPage\":{\"@id\":\"https:\/\/regizene.ro\/2024\/language\/ro\/festivalul-de-muzica-veche-miercurea-ciuc\/#primaryimage\"},\"image\":{\"@id\":\"https:\/\/regizene.ro\/2024\/language\/ro\/festivalul-de-muzica-veche-miercurea-ciuc\/#primaryimage\"},\"thumbnailUrl\":\"https:\/\/regizene.ro\/2024\/wp-content\/uploads\/2023\/07\/17.-Sippal-dobbal-Nadi-hegeduvel_Gyermekfoglalkozas._Adam-REbeka.jpg\",\"datePublished\":\"2023-06-29T02:42:04+00:00\",\"dateModified\":\"2024-06-17T12:02:17+00:00\",\"description\":\"Muzica \u0219i atmosfera vremurilor trecute la Miercurea Ciuc, \u00een cadrul Festivalului de Muzic\u0103 Veche.\",\"breadcrumb\":{\"@id\":\"https:\/\/regizene.ro\/2024\/language\/ro\/festivalul-de-muzica-veche-miercurea-ciuc\/#breadcrumb\"},\"inLanguage\":\"hu\",\"potentialAction\":[{\"@type\":\"ReadAction\",\"target\":[\"https:\/\/regizene.ro\/2024\/language\/ro\/festivalul-de-muzica-veche-miercurea-ciuc\/\"]}]},{\"@type\":\"ImageObject\",\"inLanguage\":\"hu\",\"@id\":\"https:\/\/regizene.ro\/2024\/language\/ro\/festivalul-de-muzica-veche-miercurea-ciuc\/#primaryimage\",\"url\":\"https:\/\/regizene.ro\/2024\/wp-content\/uploads\/2023\/07\/17.-Sippal-dobbal-Nadi-hegeduvel_Gyermekfoglalkozas._Adam-REbeka.jpg\",\"contentUrl\":\"https:\/\/regizene.ro\/2024\/wp-content\/uploads\/2023\/07\/17.-Sippal-dobbal-Nadi-hegeduvel_Gyermekfoglalkozas._Adam-REbeka.jpg\",\"width\":2048,\"height\":1480,\"caption\":\"\u201eWith Pipes, Drums, Fiddles\u201d\"},{\"@type\":\"BreadcrumbList\",\"@id\":\"https:\/\/regizene.ro\/2024\/language\/ro\/festivalul-de-muzica-veche-miercurea-ciuc\/#breadcrumb\",\"itemListElement\":[{\"@type\":\"ListItem\",\"position\":1,\"name\":\"Kezd\u0151lap\",\"item\":\"https:\/\/regizene.ro\/2024\/\"},{\"@type\":\"ListItem\",\"position\":2,\"name\":\"Festivalul\"}]},{\"@type\":\"WebSite\",\"@id\":\"https:\/\/regizene.ro\/2024\/#website\",\"url\":\"https:\/\/regizene.ro\/2024\/\",\"name\":\"Regizene\",\"description\":\"\",\"potentialAction\":[{\"@type\":\"SearchAction\",\"target\":{\"@type\":\"EntryPoint\",\"urlTemplate\":\"https:\/\/regizene.ro\/2024\/?s={search_term_string}\"},\"query-input\":{\"@type\":\"PropertyValueSpecification\",\"valueRequired\":true,\"valueName\":\"search_term_string\"}}],\"inLanguage\":\"hu\"}]}<\/script>\n<!-- \/ Yoast SEO plugin. -->","yoast_head_json":{"title":"Festivalul - Regizene","description":"Muzica \u0219i atmosfera vremurilor trecute la Miercurea Ciuc, \u00een cadrul Festivalului de Muzic\u0103 Veche.","robots":{"index":"index","follow":"follow","max-snippet":"max-snippet:-1","max-image-preview":"max-image-preview:large","max-video-preview":"max-video-preview:-1"},"canonical":"https:\/\/regizene.ro\/2024\/language\/ro\/festivalul-de-muzica-veche-miercurea-ciuc\/","og_locale":"hu_HU","og_type":"article","og_title":"Festivalul - Regizene","og_description":"Muzica \u0219i atmosfera vremurilor trecute la Miercurea Ciuc, \u00een cadrul Festivalului de Muzic\u0103 Veche.","og_url":"https:\/\/regizene.ro\/2024\/language\/ro\/festivalul-de-muzica-veche-miercurea-ciuc\/","og_site_name":"Regizene","article_modified_time":"2024-06-17T12:02:17+00:00","og_image":[{"width":2048,"height":1480,"url":"https:\/\/regizene.ro\/2024\/wp-content\/uploads\/2023\/07\/17.-Sippal-dobbal-Nadi-hegeduvel_Gyermekfoglalkozas._Adam-REbeka.jpg","type":"image\/jpeg"}],"twitter_card":"summary_large_image","twitter_misc":{"Becs\u00fclt olvas\u00e1si id\u0151":"8 perc"},"schema":{"@context":"https:\/\/schema.org","@graph":[{"@type":"WebPage","@id":"https:\/\/regizene.ro\/2024\/language\/ro\/festivalul-de-muzica-veche-miercurea-ciuc\/","url":"https:\/\/regizene.ro\/2024\/language\/ro\/festivalul-de-muzica-veche-miercurea-ciuc\/","name":"Festivalul - Regizene","isPartOf":{"@id":"https:\/\/regizene.ro\/2024\/#website"},"primaryImageOfPage":{"@id":"https:\/\/regizene.ro\/2024\/language\/ro\/festivalul-de-muzica-veche-miercurea-ciuc\/#primaryimage"},"image":{"@id":"https:\/\/regizene.ro\/2024\/language\/ro\/festivalul-de-muzica-veche-miercurea-ciuc\/#primaryimage"},"thumbnailUrl":"https:\/\/regizene.ro\/2024\/wp-content\/uploads\/2023\/07\/17.-Sippal-dobbal-Nadi-hegeduvel_Gyermekfoglalkozas._Adam-REbeka.jpg","datePublished":"2023-06-29T02:42:04+00:00","dateModified":"2024-06-17T12:02:17+00:00","description":"Muzica \u0219i atmosfera vremurilor trecute la Miercurea Ciuc, \u00een cadrul Festivalului de Muzic\u0103 Veche.","breadcrumb":{"@id":"https:\/\/regizene.ro\/2024\/language\/ro\/festivalul-de-muzica-veche-miercurea-ciuc\/#breadcrumb"},"inLanguage":"hu","potentialAction":[{"@type":"ReadAction","target":["https:\/\/regizene.ro\/2024\/language\/ro\/festivalul-de-muzica-veche-miercurea-ciuc\/"]}]},{"@type":"ImageObject","inLanguage":"hu","@id":"https:\/\/regizene.ro\/2024\/language\/ro\/festivalul-de-muzica-veche-miercurea-ciuc\/#primaryimage","url":"https:\/\/regizene.ro\/2024\/wp-content\/uploads\/2023\/07\/17.-Sippal-dobbal-Nadi-hegeduvel_Gyermekfoglalkozas._Adam-REbeka.jpg","contentUrl":"https:\/\/regizene.ro\/2024\/wp-content\/uploads\/2023\/07\/17.-Sippal-dobbal-Nadi-hegeduvel_Gyermekfoglalkozas._Adam-REbeka.jpg","width":2048,"height":1480,"caption":"\u201eWith Pipes, Drums, Fiddles\u201d"},{"@type":"BreadcrumbList","@id":"https:\/\/regizene.ro\/2024\/language\/ro\/festivalul-de-muzica-veche-miercurea-ciuc\/#breadcrumb","itemListElement":[{"@type":"ListItem","position":1,"name":"Kezd\u0151lap","item":"https:\/\/regizene.ro\/2024\/"},{"@type":"ListItem","position":2,"name":"Festivalul"}]},{"@type":"WebSite","@id":"https:\/\/regizene.ro\/2024\/#website","url":"https:\/\/regizene.ro\/2024\/","name":"Regizene","description":"","potentialAction":[{"@type":"SearchAction","target":{"@type":"EntryPoint","urlTemplate":"https:\/\/regizene.ro\/2024\/?s={search_term_string}"},"query-input":{"@type":"PropertyValueSpecification","valueRequired":true,"valueName":"search_term_string"}}],"inLanguage":"hu"}]}},"_links":{"self":[{"href":"https:\/\/regizene.ro\/2024\/wp-json\/wp\/v2\/pages\/53","targetHints":{"allow":["GET"]}}],"collection":[{"href":"https:\/\/regizene.ro\/2024\/wp-json\/wp\/v2\/pages"}],"about":[{"href":"https:\/\/regizene.ro\/2024\/wp-json\/wp\/v2\/types\/page"}],"author":[{"embeddable":true,"href":"https:\/\/regizene.ro\/2024\/wp-json\/wp\/v2\/users\/1"}],"replies":[{"embeddable":true,"href":"https:\/\/regizene.ro\/2024\/wp-json\/wp\/v2\/comments?post=53"}],"version-history":[{"count":46,"href":"https:\/\/regizene.ro\/2024\/wp-json\/wp\/v2\/pages\/53\/revisions"}],"predecessor-version":[{"id":1392,"href":"https:\/\/regizene.ro\/2024\/wp-json\/wp\/v2\/pages\/53\/revisions\/1392"}],"wp:featuredmedia":[{"embeddable":true,"href":"https:\/\/regizene.ro\/2024\/wp-json\/wp\/v2\/media\/474"}],"wp:attachment":[{"href":"https:\/\/regizene.ro\/2024\/wp-json\/wp\/v2\/media?parent=53"}],"curies":[{"name":"wp","href":"https:\/\/api.w.org\/{rel}","templated":true}]}}