{"id":6,"date":"2023-06-06T05:44:44","date_gmt":"2023-06-06T05:44:44","guid":{"rendered":"https:\/\/regizene.ro\/2024\/?page_id=6"},"modified":"2024-07-11T21:13:41","modified_gmt":"2024-07-11T18:13:41","slug":"csikszeredai-regizene-fesztival","status":"publish","type":"page","link":"https:\/\/regizene.ro\/2024\/","title":{"rendered":"A Fesztiv\u00e1l"},"content":{"rendered":"[vc_row type=&#8221;in_container&#8221; full_screen_row_position=&#8221;middle&#8221; column_margin=&#8221;default&#8221; column_direction=&#8221;default&#8221; column_direction_tablet=&#8221;default&#8221; column_direction_phone=&#8221;default&#8221; scene_position=&#8221;center&#8221; top_padding=&#8221;5%&#8221; bottom_padding=&#8221;0%&#8221; text_color=&#8221;dark&#8221; text_align=&#8221;left&#8221; row_border_radius=&#8221;none&#8221; row_border_radius_applies=&#8221;bg&#8221; overflow=&#8221;visible&#8221; overlay_strength=&#8221;0.3&#8243; gradient_direction=&#8221;left_to_right&#8221; shape_divider_position=&#8221;bottom&#8221; bg_image_animation=&#8221;none&#8221; gradient_type=&#8221;default&#8221; shape_type=&#8221;&#8221;][vc_column column_padding=&#8221;no-extra-padding&#8221; column_padding_tablet=&#8221;inherit&#8221; column_padding_phone=&#8221;inherit&#8221; column_padding_position=&#8221;all&#8221; column_element_direction_desktop=&#8221;default&#8221; column_element_spacing=&#8221;default&#8221; desktop_text_alignment=&#8221;default&#8221; tablet_text_alignment=&#8221;default&#8221; phone_text_alignment=&#8221;default&#8221; background_color_opacity=&#8221;1&#8243; background_hover_color_opacity=&#8221;1&#8243; column_backdrop_filter=&#8221;none&#8221; column_shadow=&#8221;none&#8221; column_border_radius=&#8221;none&#8221; column_link_target=&#8221;_self&#8221; column_position=&#8221;default&#8221; gradient_direction=&#8221;left_to_right&#8221; overlay_strength=&#8221;0.3&#8243; width=&#8221;1\/1&#8243; tablet_width_inherit=&#8221;default&#8221; animation_type=&#8221;default&#8221; bg_image_animation=&#8221;none&#8221; border_type=&#8221;simple&#8221; column_border_width=&#8221;none&#8221; column_border_style=&#8221;solid&#8221;][vc_custom_heading text=&#8221;Fesztiv\u00e1lprogram&#8221; use_theme_fonts=&#8221;yes&#8221;][vc_row_inner equal_height=&#8221;yes&#8221; content_placement=&#8221;middle&#8221; column_margin=&#8221;default&#8221; column_direction=&#8221;default&#8221; column_direction_tablet=&#8221;default&#8221; column_direction_phone=&#8221;default&#8221; text_align=&#8221;left&#8221; row_position=&#8221;default&#8221; row_position_tablet=&#8221;inherit&#8221; row_position_phone=&#8221;inherit&#8221; overflow=&#8221;visible&#8221; pointer_events=&#8221;all&#8221;][vc_column_inner column_padding=&#8221;no-extra-padding&#8221; column_padding_tablet=&#8221;inherit&#8221; column_padding_phone=&#8221;inherit&#8221; column_padding_position=&#8221;all&#8221; column_element_direction_desktop=&#8221;default&#8221; column_element_spacing=&#8221;default&#8221; desktop_text_alignment=&#8221;default&#8221; tablet_text_alignment=&#8221;default&#8221; phone_text_alignment=&#8221;default&#8221; background_color_opacity=&#8221;1&#8243; background_hover_color_opacity=&#8221;1&#8243; column_backdrop_filter=&#8221;none&#8221; column_shadow=&#8221;none&#8221; column_border_radius=&#8221;none&#8221; column_link_target=&#8221;_self&#8221; overflow=&#8221;visible&#8221; gradient_direction=&#8221;left_to_right&#8221; overlay_strength=&#8221;0.3&#8243; width=&#8221;2\/3&#8243; tablet_width_inherit=&#8221;default&#8221; animation_type=&#8221;default&#8221; bg_image_animation=&#8221;none&#8221; border_type=&#8221;simple&#8221; column_border_width=&#8221;none&#8221; column_border_style=&#8221;solid&#8221;][vc_column_text]\t\t<div class=\"wcs-timetable__wrapper\">\n\t\t\t<div class=\"wcs-vue\" id=\"wcs-app-3\"><\/div>\n\t\t<\/div>\n\t\t[\/vc_column_text][nectar_btn size=&#8221;large&#8221; button_style=&#8221;regular&#8221; button_color_2=&#8221;Accent-Color&#8221; solid_text_color_override=&#8221;#313131&#8243; icon_family=&#8221;none&#8221; el_class=&#8221;reduce-shadow&#8221; text=&#8221;Tov\u00e1bb&#8221; url=&#8221;https:\/\/regizene.ro\/2024\/fesztivalprogram\/&#8221; margin_top=&#8221;30px&#8221;][\/vc_column_inner][vc_column_inner column_padding=&#8221;no-extra-padding&#8221; column_padding_tablet=&#8221;inherit&#8221; column_padding_phone=&#8221;inherit&#8221; column_padding_position=&#8221;all&#8221; column_element_direction_desktop=&#8221;default&#8221; column_element_spacing=&#8221;default&#8221; desktop_text_alignment=&#8221;default&#8221; tablet_text_alignment=&#8221;default&#8221; phone_text_alignment=&#8221;default&#8221; background_color_opacity=&#8221;1&#8243; background_hover_color_opacity=&#8221;1&#8243; column_backdrop_filter=&#8221;none&#8221; column_shadow=&#8221;none&#8221; column_border_radius=&#8221;none&#8221; column_link_target=&#8221;_self&#8221; overflow=&#8221;visible&#8221; gradient_direction=&#8221;left_to_right&#8221; overlay_strength=&#8221;0.3&#8243; width=&#8221;1\/3&#8243; tablet_width_inherit=&#8221;default&#8221; animation_type=&#8221;default&#8221; bg_image_animation=&#8221;none&#8221; border_type=&#8221;simple&#8221; column_border_width=&#8221;none&#8221; column_border_style=&#8221;solid&#8221;][image_with_animation image_url=&#8221;75&#8243; image_size=&#8221;full&#8221; animation_type=&#8221;entrance&#8221; animation=&#8221;Fade In&#8221; animation_easing=&#8221;easeInQuad&#8221; animation_movement_type=&#8221;transform_y&#8221; hover_animation=&#8221;none&#8221; alignment=&#8221;center&#8221; border_radius=&#8221;none&#8221; box_shadow=&#8221;none&#8221; image_loading=&#8221;default&#8221; max_width=&#8221;100%&#8221; max_width_mobile=&#8221;default&#8221; delay=&#8221;100&#8243;][\/vc_column_inner][\/vc_row_inner][\/vc_column][\/vc_row][vc_row type=&#8221;full_width_background&#8221; full_screen_row_position=&#8221;middle&#8221; column_margin=&#8221;default&#8221; column_direction=&#8221;default&#8221; column_direction_tablet=&#8221;default&#8221; column_direction_phone=&#8221;default&#8221; bg_image=&#8221;77&#8243; bg_position=&#8221;center center&#8221; background_image_loading=&#8221;default&#8221; bg_repeat=&#8221;no-repeat&#8221; scene_position=&#8221;center&#8221; top_padding=&#8221;5%&#8221; bottom_padding=&#8221;5%&#8221; text_color=&#8221;custom&#8221; custom_text_color=&#8221;#ffffff&#8221; text_align=&#8221;left&#8221; row_border_radius=&#8221;none&#8221; row_border_radius_applies=&#8221;bg&#8221; overflow=&#8221;visible&#8221; overlay_strength=&#8221;0.3&#8243; gradient_direction=&#8221;left_to_right&#8221; shape_divider_position=&#8221;bottom&#8221; bg_image_animation=&#8221;none&#8221; gradient_type=&#8221;default&#8221; shape_type=&#8221;&#8221;][vc_column column_padding=&#8221;no-extra-padding&#8221; column_padding_tablet=&#8221;inherit&#8221; column_padding_phone=&#8221;inherit&#8221; column_padding_position=&#8221;all&#8221; column_element_direction_desktop=&#8221;default&#8221; column_element_spacing=&#8221;default&#8221; desktop_text_alignment=&#8221;default&#8221; tablet_text_alignment=&#8221;default&#8221; phone_text_alignment=&#8221;default&#8221; background_color_opacity=&#8221;1&#8243; background_hover_color_opacity=&#8221;1&#8243; column_backdrop_filter=&#8221;none&#8221; column_shadow=&#8221;none&#8221; column_border_radius=&#8221;none&#8221; column_link_target=&#8221;_self&#8221; column_position=&#8221;default&#8221; gradient_direction=&#8221;left_to_right&#8221; overlay_strength=&#8221;0.3&#8243; width=&#8221;1\/1&#8243; tablet_width_inherit=&#8221;default&#8221; animation_type=&#8221;default&#8221; bg_image_animation=&#8221;none&#8221; border_type=&#8221;simple&#8221; column_border_width=&#8221;none&#8221; column_border_style=&#8221;solid&#8221;][vc_custom_heading text=&#8221;Ny\u00e1ri egyetem&#8221; use_theme_fonts=&#8221;yes&#8221; css=&#8221;.vc_custom_1688010643827{margin-bottom: 30px !important;}&#8221;][vc_row_inner column_margin=&#8221;60px&#8221; column_direction=&#8221;default&#8221; column_direction_tablet=&#8221;default&#8221; column_direction_phone=&#8221;default&#8221; text_align=&#8221;left&#8221; row_position=&#8221;default&#8221; row_position_tablet=&#8221;inherit&#8221; row_position_phone=&#8221;inherit&#8221; overflow=&#8221;visible&#8221; pointer_events=&#8221;all&#8221;][vc_column_inner column_padding=&#8221;no-extra-padding&#8221; column_padding_tablet=&#8221;inherit&#8221; column_padding_phone=&#8221;inherit&#8221; column_padding_position=&#8221;all&#8221; column_element_direction_desktop=&#8221;default&#8221; column_element_spacing=&#8221;default&#8221; desktop_text_alignment=&#8221;default&#8221; tablet_text_alignment=&#8221;default&#8221; phone_text_alignment=&#8221;default&#8221; background_color_opacity=&#8221;1&#8243; background_hover_color_opacity=&#8221;1&#8243; column_backdrop_filter=&#8221;none&#8221; column_shadow=&#8221;none&#8221; column_border_radius=&#8221;none&#8221; column_link_target=&#8221;_self&#8221; overflow=&#8221;visible&#8221; gradient_direction=&#8221;left_to_right&#8221; overlay_strength=&#8221;0.3&#8243; width=&#8221;1\/2&#8243; tablet_width_inherit=&#8221;default&#8221; animation_type=&#8221;default&#8221; bg_image_animation=&#8221;none&#8221; border_type=&#8221;simple&#8221; column_border_width=&#8221;none&#8221; column_border_style=&#8221;solid&#8221;][vc_column_text]A ny\u00e1ri egyetem hangszeres kurzusain r\u00e9szt vehet b\u00e1rmely, <strong>10. \u00e9let\u00e9v\u00e9t bet\u00f6lt\u00f6tt<\/strong> hallgat\u00f3. A kurzusokon val\u00f3 r\u00e9szv\u00e9telhez el\u0151k\u00e9pzetts\u00e9g, illetve (hangszeres) tapasztalat sz\u00fcks\u00e9ges.<\/p>\n<p>A kurzuson val\u00f3 r\u00e9szv\u00e9tel m\u00f3djai:<\/p>\n<p><em><strong>Akt\u00edv hallgat\u00f3<\/strong><\/em> r\u00e9szv\u00e9teli d\u00edja <strong>500 lej<\/strong>\/f\u0151, mely akt\u00edv r\u00e9szv\u00e9telre jogos\u00edt az \u00e1ltala v\u00e1lasztott 1 mesterkurzuson \u00e9s a szabadon v\u00e1laszthat\u00f3 kurzusokon.<\/p>\n<p>A<em><strong> Nagy Istv\u00e1n M\u0171v\u00e9szeti K\u00f6z\u00e9piskola<\/strong><\/em> partners\u00e9g\u00e9nek k\u00f6sz\u00f6nhet\u0151en az iskola di\u00e1kjainak \u00e9s tan\u00e1rainak <strong>300 lej<\/strong>\/f\u0151 kedvezm\u00e9nyes r\u00e9szv\u00e9teli d\u00edjat biztos\u00edtunk.<\/p>\n<p>A d\u00edj tartalmazza a R\u00e9gizene Fesztiv\u00e1l esem\u00e9nyein val\u00f3 r\u00e9szv\u00e9telt.[\/vc_column_text][\/vc_column_inner][vc_column_inner column_padding=&#8221;no-extra-padding&#8221; column_padding_tablet=&#8221;inherit&#8221; column_padding_phone=&#8221;inherit&#8221; column_padding_position=&#8221;all&#8221; column_element_direction_desktop=&#8221;default&#8221; column_element_spacing=&#8221;default&#8221; desktop_text_alignment=&#8221;default&#8221; tablet_text_alignment=&#8221;default&#8221; phone_text_alignment=&#8221;default&#8221; background_color_opacity=&#8221;1&#8243; background_hover_color_opacity=&#8221;1&#8243; column_backdrop_filter=&#8221;none&#8221; column_shadow=&#8221;none&#8221; column_border_radius=&#8221;none&#8221; column_link_target=&#8221;_self&#8221; overflow=&#8221;visible&#8221; gradient_direction=&#8221;left_to_right&#8221; overlay_strength=&#8221;0.3&#8243; width=&#8221;1\/2&#8243; tablet_width_inherit=&#8221;default&#8221; animation_type=&#8221;default&#8221; bg_image_animation=&#8221;none&#8221; border_type=&#8221;simple&#8221; column_border_width=&#8221;none&#8221; column_border_style=&#8221;solid&#8221;][vc_column_text]<em>Mesterkurzusok:<\/em><\/p>\n<p><em>Lant \u00e9s git\u00e1r \u2013 K\u00f3nya Istv\u00e1n (Magyarorsz\u00e1g)<br \/>\n<\/em><em>Furulya, fuvola \u00e9s kamarazene \u2013 Sz\u00e9plaki Zolt\u00e1n (Magyarorsz\u00e1g)<br \/>\n<\/em><em>\u00c9nek \u2013 Pal\u00f3cz R\u00e9ka (Magyarorsz\u00e1g)<br \/>\n<\/em><em>Barokk heged\u0171 \u2013 Vit\u00e1rius Piroska (Magyarorsz\u00e1g)<br \/>\n<\/em><em>Csembal\u00f3 \u2013 Nicholas Parle (Anglia)<br \/>\n<\/em><em>Viola da gamba \u00e9s violone \u2013 Csata Istv\u00e1n (Rom\u00e1nia)<br \/>\n<\/em><em>K\u00f3rus \u00e9s karvezet\u0151i mesterkurzus \u2013 Kov\u00e1cs G\u00e1bor (Magyarorsz\u00e1g)<br \/>\n<\/em><em>Renesz\u00e1nsz egy\u00fcttes mesterkurzus (f\u0151t\u00e1rgy) \u2013 Cs\u00f6rsz Rumen Istv\u00e1n, Pribay Val\u00e9ria (Magyarorsz\u00e1g)<br \/>\n<\/em><em>\u00dct\u0151hangszerek a r\u00e9gizen\u00e9ben, \u00fct\u0151hangszeres kamarakurzus \u2013 Kasza Roland \u00e9s Sud\u00e1r Bal\u00e1zs (Magyarorsz\u00e1g)<\/em>[\/vc_column_text][\/vc_column_inner][\/vc_row_inner][vc_column_text]<a href=\"https:\/\/regizene.ro\/2024\/nyari-egyetem\/\">B\u0151vebben &gt;<\/a>[\/vc_column_text][\/vc_column][\/vc_row][vc_row type=&#8221;full_width_content&#8221; full_screen_row_position=&#8221;middle&#8221; column_margin=&#8221;default&#8221; equal_height=&#8221;yes&#8221; column_direction=&#8221;default&#8221; column_direction_tablet=&#8221;default&#8221; column_direction_phone=&#8221;default&#8221; scene_position=&#8221;center&#8221; text_color=&#8221;dark&#8221; text_align=&#8221;left&#8221; row_border_radius=&#8221;none&#8221; row_border_radius_applies=&#8221;bg&#8221; overflow=&#8221;visible&#8221; id=&#8221;full-width&#8221; overlay_strength=&#8221;0.3&#8243; gradient_direction=&#8221;left_to_right&#8221; shape_divider_position=&#8221;bottom&#8221; bg_image_animation=&#8221;none&#8221; gradient_type=&#8221;default&#8221; shape_type=&#8221;&#8221;][vc_column column_element_direction_desktop=&#8221;default&#8221; column_element_spacing=&#8221;default&#8221; desktop_text_alignment=&#8221;default&#8221; tablet_text_alignment=&#8221;default&#8221; phone_text_alignment=&#8221;default&#8221; background_color_opacity=&#8221;1&#8243; background_hover_color_opacity=&#8221;1&#8243; background_image=&#8221;85&#8243; background_image_position=&#8221;center center&#8221; background_image_stacking=&#8221;default&#8221; background_image_loading=&#8221;default&#8221; column_backdrop_filter=&#8221;none&#8221; column_shadow=&#8221;none&#8221; column_border_radius=&#8221;none&#8221; column_link_target=&#8221;_self&#8221; column_position=&#8221;default&#8221; el_class=&#8221;extra-padding&#8221; gradient_direction=&#8221;left_to_right&#8221; overlay_strength=&#8221;0.3&#8243; width=&#8221;5\/12&#8243; tablet_width_inherit=&#8221;default&#8221; animation_type=&#8221;default&#8221; bg_image_animation=&#8221;none&#8221; border_type=&#8221;simple&#8221; column_border_width=&#8221;none&#8221; column_border_style=&#8221;solid&#8221; column_padding_type=&#8221;advanced&#8221; gradient_type=&#8221;default&#8221;][vc_custom_heading text=&#8221;\u201eS\u00edppal, dobbal, n\u00e1di heged\u0171vel\u201d<br \/>\nGyermekfoglalkoz\u00e1s \u00c1d\u00e1m Julcsi vezet\u00e9s\u00e9vel&#8221; font_container=&#8221;tag:h2|text_align:left|color:%23707070&#8243; use_theme_fonts=&#8221;yes&#8221; css=&#8221;.vc_custom_1688466051431{margin-bottom: 50px !important;}&#8221;][vc_column_text]<span style=\"font-weight: 400;\">A nagy n\u00e9pszer\u0171s\u00e9gre val\u00f3 tekintettel id\u00e9n is lehet\u0151s\u00e9ge van a kisebb gyermekeknek bekapcsol\u00f3dni a R\u00e9gizene Fesztiv\u00e1lon az \u00e9nekl\u00e9sbe, zenebon\u00e1l\u00e1sba. Vid\u00e1m gyerekdalokat, \u00e9nekeket, mond\u00f3k\u00e1kat tanulhatnak. Interakt\u00edv m\u00f3don, ritmushangszerekkel, hangulatkelt\u0151 gyermekj\u00e1t\u00e9kokkal sz\u00ednes\u00edtve ker\u00fclhetnek k\u00f6zelebb az \u00e9rdekl\u0151d\u0151 gyermekek a r\u00e9gizene vil\u00e1g\u00e1hoz. Szeretettel v\u00e1runk minden \u00e9nekelni, j\u00e1tszani, zenebon\u00e1lni v\u00e1gy\u00f3, 6. \u00e9let\u00e9v\u00e9t bet\u00f6lt\u00f6tt gyerk\u0151c\u00f6t a <\/span><b>Zeng\u0151 T\u00e9r<\/b><span style=\"font-weight: 400;\">be, akik sz\u00edvesen megismern\u00e9k az \u00fct\u0151hangszerek sz\u00ednes palett\u00e1j\u00e1t, amelyeket term\u00e9szetesen kedv\u00fckre ki is pr\u00f3b\u00e1lhatnak.<\/span><\/p>\n<p><span style=\"font-weight: 400;\">A foglalkoz\u00e1son val\u00f3 r\u00e9szv\u00e9tel 30 lej\/nap, regisztr\u00e1lni szem\u00e9lyesen a Hargita Megyei Kultur\u00e1lis K\u00f6zpont titk\u00e1rs\u00e1g\u00e1n lehet, h\u00e9tk\u00f6znapokon 9\u201315 \u00f3ra k\u00f6z\u00f6tt, illetve telefonon a +40 746 244 235-\u00f6s sz\u00e1mon. A helyek sz\u00e1ma korl\u00e1tozott.<\/span><\/p>\n<p>Id\u0151pont: J\u00falius 15\u201317., 10\u201312 \u00f3ra k\u00f6z\u00f6tt<br \/>\nHelysz\u00edn: Cs\u00edkszereda, Zeng\u0151 T\u00e9r (Pet\u0151fi utca 35.)[\/vc_column_text][\/vc_column][vc_column column_padding=&#8221;no-extra-padding&#8221; column_padding_tablet=&#8221;inherit&#8221; column_padding_phone=&#8221;inherit&#8221; column_padding_position=&#8221;all&#8221; column_element_direction_desktop=&#8221;default&#8221; column_element_spacing=&#8221;default&#8221; desktop_text_alignment=&#8221;default&#8221; tablet_text_alignment=&#8221;default&#8221; phone_text_alignment=&#8221;default&#8221; background_color_opacity=&#8221;1&#8243; background_hover_color_opacity=&#8221;1&#8243; background_image=&#8221;474&#8243; background_image_position=&#8221;center center&#8221; background_image_stacking=&#8221;default&#8221; background_image_loading=&#8221;default&#8221; column_backdrop_filter=&#8221;none&#8221; column_shadow=&#8221;none&#8221; column_border_radius=&#8221;none&#8221; column_link_target=&#8221;_self&#8221; column_position=&#8221;default&#8221; gradient_direction=&#8221;left_to_right&#8221; overlay_strength=&#8221;0.3&#8243; width=&#8221;7\/12&#8243; tablet_width_inherit=&#8221;default&#8221; animation_type=&#8221;default&#8221; bg_image_animation=&#8221;none&#8221; border_type=&#8221;simple&#8221; column_border_width=&#8221;none&#8221; column_border_style=&#8221;solid&#8221; column_padding_type=&#8221;default&#8221; gradient_type=&#8221;default&#8221;][image_with_animation image_size=&#8221;full&#8221; animation_type=&#8221;entrance&#8221; animation=&#8221;None&#8221; animation_movement_type=&#8221;transform_y&#8221; hover_animation=&#8221;none&#8221; alignment=&#8221;&#8221; border_radius=&#8221;none&#8221; box_shadow=&#8221;none&#8221; image_loading=&#8221;default&#8221; max_width=&#8221;100%&#8221; max_width_mobile=&#8221;default&#8221;][\/vc_column][\/vc_row][vc_row type=&#8221;full_width_background&#8221; full_screen_row_position=&#8221;middle&#8221; column_margin=&#8221;default&#8221; column_direction=&#8221;default&#8221; column_direction_tablet=&#8221;default&#8221; column_direction_phone=&#8221;default&#8221; bg_color=&#8221;#ffffff&#8221; scene_position=&#8221;center&#8221; top_padding=&#8221;5%&#8221; bottom_padding=&#8221;10%&#8221; text_color=&#8221;custom&#8221; custom_text_color=&#8221;#707070&#8243; text_align=&#8221;center&#8221; row_border_radius=&#8221;none&#8221; row_border_radius_applies=&#8221;bg&#8221; overflow=&#8221;visible&#8221; overlay_strength=&#8221;0.3&#8243; gradient_direction=&#8221;left_to_right&#8221; shape_divider_position=&#8221;bottom&#8221; bg_image_animation=&#8221;none&#8221; gradient_type=&#8221;default&#8221; shape_type=&#8221;&#8221;][vc_column column_padding=&#8221;no-extra-padding&#8221; column_padding_tablet=&#8221;inherit&#8221; column_padding_phone=&#8221;inherit&#8221; column_padding_position=&#8221;all&#8221; column_element_direction_desktop=&#8221;default&#8221; column_element_spacing=&#8221;default&#8221; desktop_text_alignment=&#8221;default&#8221; tablet_text_alignment=&#8221;default&#8221; phone_text_alignment=&#8221;default&#8221; background_color_opacity=&#8221;1&#8243; background_hover_color_opacity=&#8221;1&#8243; column_backdrop_filter=&#8221;none&#8221; column_shadow=&#8221;none&#8221; column_border_radius=&#8221;none&#8221; column_link_target=&#8221;_self&#8221; column_position=&#8221;default&#8221; gradient_direction=&#8221;left_to_right&#8221; overlay_strength=&#8221;0.3&#8243; width=&#8221;1\/1&#8243; tablet_width_inherit=&#8221;default&#8221; animation_type=&#8221;default&#8221; bg_image_animation=&#8221;none&#8221; border_type=&#8221;simple&#8221; column_border_width=&#8221;none&#8221; column_border_style=&#8221;solid&#8221;][vc_custom_heading text=&#8221;Ha szeretn\u00e9l \u00e9rtes\u00fclni az esem\u00e9ny r\u00e9szleteir\u0151l, iratkozz fel h\u00edrlevel\u00fcnkre!&#8221; font_container=&#8221;tag:h2|text_align:center|color:%23707070&#8243; use_theme_fonts=&#8221;yes&#8221; css=&#8221;.vc_custom_1716878025729{margin-bottom: 50px !important;}&#8221;]<div class=\"wpforms-container wpforms-container-full wpforms-render-modern\" id=\"wpforms-935\"><form id=\"wpforms-form-935\" class=\"wpforms-validate wpforms-form wpforms-ajax-form\" data-formid=\"935\" method=\"post\" enctype=\"multipart\/form-data\" action=\"\/2024\/wp-json\/wp\/v2\/pages\/6\" data-token=\"c0c835d97fa3f3fa592743ad52710c40\" data-token-time=\"1777489655\"><noscript class=\"wpforms-error-noscript\">Please enable JavaScript in your browser to complete this form.<\/noscript><div class=\"wpforms-hidden\" id=\"wpforms-error-noscript\">Please enable JavaScript in your browser to complete this form.<\/div><div class=\"wpforms-field-container\"><div id=\"wpforms-935-field_0-container\" class=\"wpforms-field wpforms-field-name\" data-field-id=\"0\"><fieldset><legend class=\"wpforms-field-label wpforms-label-hide\" aria-hidden=\"false\">N\u00e9v <span class=\"wpforms-required-label\" aria-hidden=\"true\">*<\/span><\/legend><div class=\"wpforms-field-row wpforms-field-large\"><div class=\"wpforms-field-row-block wpforms-first wpforms-one-half\"><input type=\"text\" id=\"wpforms-935-field_0\" class=\"wpforms-field-name-first wpforms-field-required\" name=\"wpforms[fields][0][first]\" placeholder=\"Vezet\u00e9kn\u00e9v\" aria-errormessage=\"wpforms-935-field_0-error\" required><label for=\"wpforms-935-field_0\" class=\"wpforms-field-sublabel after wpforms-sublabel-hide\">First<\/label><\/div><div class=\"wpforms-field-row-block wpforms-one-half\"><input type=\"text\" id=\"wpforms-935-field_0-last\" class=\"wpforms-field-name-last wpforms-field-required\" name=\"wpforms[fields][0][last]\" placeholder=\"Keresztn\u00e9v\" aria-errormessage=\"wpforms-935-field_0-last-error\" required><label for=\"wpforms-935-field_0-last\" class=\"wpforms-field-sublabel after wpforms-sublabel-hide\">Last<\/label><\/div><\/div><\/fieldset><\/div><div id=\"wpforms-935-field_1-container\" class=\"wpforms-field wpforms-field-email\" data-field-id=\"1\"><label class=\"wpforms-field-label wpforms-label-hide\" for=\"wpforms-935-field_1\" aria-hidden=\"false\">Email <span class=\"wpforms-required-label\" aria-hidden=\"true\">*<\/span><\/label><input type=\"email\" id=\"wpforms-935-field_1\" class=\"wpforms-field-large wpforms-field-required\" name=\"wpforms[fields][1]\" placeholder=\"E-mail c\u00edm\" spellcheck=\"false\" aria-errormessage=\"wpforms-935-field_1-error\" required><\/div><\/div><!-- .wpforms-field-container --><div class=\"wpforms-submit-container\" ><input type=\"hidden\" name=\"wpforms[id]\" value=\"935\"><input type=\"hidden\" name=\"page_title\" value=\"\"><input type=\"hidden\" name=\"page_url\" value=\"https:\/\/regizene.ro\/2024\/wp-json\/wp\/v2\/pages\/6\"><button type=\"submit\" name=\"wpforms[submit]\" id=\"wpforms-submit-935\" class=\"wpforms-submit\" data-alt-text=\"Feliratkoz\u00e1s...\" data-submit-text=\"Feliratkoz\u00e1s\" aria-live=\"assertive\" value=\"wpforms-submit\">Feliratkoz\u00e1s<\/button><img loading=\"lazy\" decoding=\"async\" src=\"https:\/\/regizene.ro\/2024\/wp-content\/plugins\/wpforms\/assets\/images\/submit-spin.svg\" class=\"wpforms-submit-spinner\" style=\"display: none;\" width=\"26\" height=\"26\" alt=\"Loading\"><\/div><\/form><\/div>  <!-- .wpforms-container -->[divider line_type=&#8221;No Line&#8221; custom_height=&#8221;55&#8243;][\/vc_column][vc_column column_padding=&#8221;no-extra-padding&#8221; column_padding_tablet=&#8221;inherit&#8221; column_padding_phone=&#8221;inherit&#8221; column_padding_position=&#8221;all&#8221; top_margin=&#8221;10&#8243; column_element_direction_desktop=&#8221;default&#8221; column_element_spacing=&#8221;default&#8221; desktop_text_alignment=&#8221;default&#8221; tablet_text_alignment=&#8221;default&#8221; phone_text_alignment=&#8221;default&#8221; background_color_opacity=&#8221;1&#8243; background_hover_color_opacity=&#8221;1&#8243; column_backdrop_filter=&#8221;none&#8221; column_shadow=&#8221;none&#8221; column_border_radius=&#8221;none&#8221; column_link_target=&#8221;_self&#8221; column_position=&#8221;default&#8221; gradient_direction=&#8221;left_to_right&#8221; overlay_strength=&#8221;0.3&#8243; width=&#8221;1\/1&#8243; tablet_width_inherit=&#8221;default&#8221; animation_type=&#8221;default&#8221; bg_image_animation=&#8221;none&#8221; border_type=&#8221;simple&#8221; column_border_width=&#8221;none&#8221; column_border_style=&#8221;solid&#8221; column_padding_type=&#8221;default&#8221; gradient_type=&#8221;default&#8221;][vc_custom_heading text=&#8221;Arch\u00edvum&#8221; font_container=&#8221;tag:h2|text_align:center|color:%23707070&#8243; use_theme_fonts=&#8221;yes&#8221; css=&#8221;.vc_custom_1688012287653{margin-bottom: 50px !important;}&#8221;][carousel script=&#8221;owl_carousel&#8221; desktop_cols=&#8221;4&#8243; desktop_small_cols=&#8221;2&#8243; tablet_cols=&#8221;1&#8243; mobile_cols=&#8221;1&#8243; column_padding=&#8221;0&#8243;][item simple_slider_bg_image_position=&#8221;default&#8221; simple_slider_overlay_strength=&#8221;0.3&#8243; simple_slider_bg_image_loading=&#8221;default&#8221; id=&#8221;1718093735642-2&#8243; tab_id=&#8221;1718093735643-1&#8243; title=&#8221;T\u00e9tel&#8221;][image_with_animation image_url=&#8221;1375&#8243; image_size=&#8221;medium_large&#8221; animation_type=&#8221;entrance&#8221; animation=&#8221;None&#8221; animation_movement_type=&#8221;transform_y&#8221; hover_animation=&#8221;zoom&#8221; alignment=&#8221;center&#8221; img_link_target=&#8221;_blank&#8221; border_radius=&#8221;20px&#8221; box_shadow=&#8221;none&#8221; image_loading=&#8221;default&#8221; max_width=&#8221;50%&#8221; max_width_mobile=&#8221;default&#8221; img_link=&#8221;https:\/\/regizene.ro\/2024\/hu\/2022\/&#8221;][vc_column_text]\n<p style=\"text-align: center;\"><a href=\"https:\/\/regizene.ro\/2024\/2023\/\">2023.<\/a><\/p>\n<p><strong>D\u00e1tum: <\/strong>2023. j\u00falius 8\u201316.<\/p>\n<p><strong>T\u00e9ma:<\/strong> 400 \u00e9ves a Mik\u00f3-v\u00e1r<\/p>\n<p><strong>Fell\u00e9p\u0151k, egy\u00fcttesek:<br \/>\n<\/strong>Prisma (DE)<br \/>\nMad\u00e9falvi Schola (RO) &amp; Canlar (HU)<br \/>\nK\u00e1joni Consort (RO)<br \/>\nCarmina Renascentia (RO)<br \/>\nConcerto Spiralis (RO, HU)<br \/>\nG\u00e1bor El\u0151d (RO)<br \/>\nOboe Band (RO, HU, DE)<br \/>\nK\u00f3nya Istv\u00e1n (HU)<br \/>\nBaroque Festival Orchestra (HU, RO, DE)<br \/>\nCodex (RO)<br \/>\nMusica Historica (HU)<br \/>\nTrei Parale (RO)<br \/>\nDuo Vargfot (NO, CH)<br \/>\nDador Projekt (HU)<\/p>\n<p><strong>XV. R\u00e9gizenei Ny\u00e1ri Egyetem<\/strong><\/p>\n<p><strong>M\u0171v\u00e9szeti vezet\u0151: <\/strong>Dr. Filip Ign\u00e1c Csaba[\/vc_column_text][\/item][item simple_slider_bg_image_position=&#8221;default&#8221; simple_slider_overlay_strength=&#8221;0.3&#8243; simple_slider_bg_image_loading=&#8221;default&#8221; id=&#8221;1718093735675-8&#8243; tab_id=&#8221;1718093735676-3&#8243; title=&#8221;T\u00e9tel&#8221;][image_with_animation image_url=&#8221;622&#8243; image_size=&#8221;medium_large&#8221; animation_type=&#8221;entrance&#8221; animation=&#8221;None&#8221; animation_movement_type=&#8221;transform_y&#8221; hover_animation=&#8221;zoom&#8221; alignment=&#8221;center&#8221; img_link_target=&#8221;_blank&#8221; border_radius=&#8221;20px&#8221; box_shadow=&#8221;none&#8221; image_loading=&#8221;default&#8221; max_width=&#8221;50%&#8221; max_width_mobile=&#8221;default&#8221; img_link=&#8221;https:\/\/regizene.ro\/2024\/hu\/2022\/&#8221;][vc_column_text]\n<p style=\"text-align: center;\"><a href=\"https:\/\/regizene.ro\/2024\/hu\/2022\/\" target=\"_blank\" rel=\"noopener\"><em>2022.\u00a0<\/em><\/a><\/p>\n<p class=\"p1\"><b>D\u00e1tum: <\/b>2022 j\u00falius 9\u201317.<\/p>\n<p class=\"p1\"><b>T\u00e9ma:<\/b> Term\u00e9szet<\/p>\n<p class=\"p2\"><b>Fell\u00e9p\u0151k, egy\u00fcttesek:<br \/>\n<\/b>Obsidienne (FR)<br \/>\nMad\u00e9falvi Schola (RO)<br \/>\nConcerto Spiralis (HU, RO)<br \/>\nSempre (RO)<br \/>\nCipriana Sm\u0103r\u0103ndescu (IT)<br \/>\nK\u00f6nyvbemutat\u00f3 \u2013 Elena Maria \u0218orban (RO)<br \/>\nCanlar (HU)<br \/>\nK\u00e1joni Consort (RO)<br \/>\nCodex (RO)<br \/>\nFlauto Dolce (RO)<br \/>\nBarokk Fesztiv\u00e1lzenekar (RO)<br \/>\nCarmina Renascentia (RO)<br \/>\nMusica Historica (HU)<br \/>\nErich T\u00fcrk (RO)<br \/>\nHortus Musicus (EE)<\/p>\n<p class=\"p1\"><b>XIV. R\u00e9gizenei Ny\u00e1ri Egyetem<\/b><\/p>\n<p class=\"p1\"><span class=\"s1\"><b>M\u0171v\u00e9szeti vezet\u0151: <\/b><\/span>Dr.<b> <\/b>Filip Ign\u00e1c Csaba<\/p>\n[\/vc_column_text][\/item][item simple_slider_bg_image_position=&#8221;default&#8221; simple_slider_overlay_strength=&#8221;0.3&#8243; simple_slider_bg_image_loading=&#8221;default&#8221; id=&#8221;1718093735694-9&#8243; tab_id=&#8221;1718093735694-4&#8243; title=&#8221;T\u00e9tel&#8221;][image_with_animation image_url=&#8221;624&#8243; image_size=&#8221;medium_large&#8221; animation_type=&#8221;entrance&#8221; animation=&#8221;None&#8221; animation_movement_type=&#8221;transform_y&#8221; hover_animation=&#8221;zoom&#8221; alignment=&#8221;center&#8221; img_link_target=&#8221;_blank&#8221; border_radius=&#8221;20px&#8221; box_shadow=&#8221;none&#8221; image_loading=&#8221;default&#8221; max_width=&#8221;50%&#8221; max_width_mobile=&#8221;default&#8221; img_link=&#8221;https:\/\/regizene.ro\/2024\/hu\/2021\/&#8221;][vc_column_text]\n<p style=\"text-align: center;\"><a href=\"https:\/\/regizene.ro\/2024\/hu\/2021\/\"><em>2021.<\/em><\/a><\/p>\n<p><strong>D\u00e1tum: <\/strong>2021. j\u00falius 10\u201318.<\/p>\n<p><strong>T\u00e9ma:<\/strong> Utaz\u00e1s<\/p>\n<p><strong>Fell\u00e9p\u0151k, egy\u00fcttesek:<\/strong><br \/>\nRenaissance (RS)<br \/>\nK\u00e1joni Consort (RO)<br \/>\nMiqu\u00e8u Montanaro (FR) &amp; Musica Historica (HU)<br \/>\nErdal \u015ealiko\u011flu (TR)<br \/>\nJi\u0159\u00ed Havrlant (CZ)<br \/>\nFonte di Gioia (RO)<br \/>\nXVIII-21, Le Baroque Nomade (FR, RO)<br \/>\nMadrigal \u2013 Marin Constantin Nemzeti Kamarak\u00f3rus (RO)<br \/>\nCaius Hera (RO)<br \/>\nCarmina Renascentia (RO)<br \/>\nCodex (RO)<br \/>\nArs pro Toto (RO)<br \/>\nBarokk Fesztiv\u00e1lzenekar<\/p>\n<p><strong>XIII. R\u00e9gizenei Ny\u00e1ri Egyetem<\/strong><\/p>\n<p><strong>M\u0171v\u00e9szeti vezet\u0151: <\/strong>Dr. Filip Ign\u00e1c Csaba[\/vc_column_text][\/item][item simple_slider_bg_image_position=&#8221;default&#8221; simple_slider_overlay_strength=&#8221;0.3&#8243; simple_slider_bg_image_loading=&#8221;default&#8221; id=&#8221;1718093735713-1&#8243; tab_id=&#8221;1718093735714-0&#8243; title=&#8221;T\u00e9tel&#8221;][image_with_animation image_url=&#8221;627&#8243; image_size=&#8221;medium_large&#8221; animation_type=&#8221;entrance&#8221; animation=&#8221;None&#8221; animation_movement_type=&#8221;transform_y&#8221; hover_animation=&#8221;zoom&#8221; alignment=&#8221;center&#8221; img_link_target=&#8221;_blank&#8221; border_radius=&#8221;20px&#8221; box_shadow=&#8221;none&#8221; image_loading=&#8221;default&#8221; max_width=&#8221;50%&#8221; max_width_mobile=&#8221;default&#8221; img_link=&#8221;https:\/\/regizene.ro\/2024\/hu\/2020\/&#8221;][vc_column_text]\n<p style=\"text-align: center;\"><a href=\"https:\/\/regizene.ro\/2024\/hu\/2020\/\"><em>2020.<\/em><\/a><\/p>\n[\/vc_column_text][\/item][\/carousel][\/vc_column][\/vc_row]\n","protected":false},"excerpt":{"rendered":"<p>[vc_row type=&#8221;in_container&#8221; full_screen_row_position=&#8221;middle&#8221; column_margin=&#8221;default&#8221; column_direction=&#8221;default&#8221; column_direction_tablet=&#8221;default&#8221; column_direction_phone=&#8221;default&#8221; scene_position=&#8221;center&#8221; top_padding=&#8221;5%&#8221; bottom_padding=&#8221;0%&#8221; text_color=&#8221;dark&#8221; text_align=&#8221;left&#8221; row_border_radius=&#8221;none&#8221; row_border_radius_applies=&#8221;bg&#8221; overflow=&#8221;visible&#8221; overlay_strength=&#8221;0.3&#8243; gradient_direction=&#8221;left_to_right&#8221; shape_divider_position=&#8221;bottom&#8221; bg_image_animation=&#8221;none&#8221; gradient_type=&#8221;default&#8221; shape_type=&#8221;&#8221;][vc_column column_padding=&#8221;no-extra-padding&#8221; column_padding_tablet=&#8221;inherit&#8221; column_padding_phone=&#8221;inherit&#8221; column_padding_position=&#8221;all&#8221; column_element_direction_desktop=&#8221;default&#8221; column_element_spacing=&#8221;default&#8221; desktop_text_alignment=&#8221;default&#8221; tablet_text_alignment=&#8221;default&#8221; phone_text_alignment=&#8221;default&#8221;&#8230;<\/p>\n","protected":false},"author":1,"featured_media":474,"parent":0,"menu_order":0,"comment_status":"closed","ping_status":"closed","template":"","meta":{"footnotes":""},"class_list":["post-6","page","type-page","status-publish","has-post-thumbnail"],"yoast_head":"<!-- This site is optimized with the Yoast SEO plugin v24.9 - https:\/\/yoast.com\/wordpress\/plugins\/seo\/ -->\n<title>A Fesztiv\u00e1l - Regizene<\/title>\n<meta name=\"description\" content=\"A Cs\u00edkszeredai R\u00e9gizene Fesztiv\u00e1l 1980-ban indult, a t\u00e9rs\u00e9g egyik legfontosabb kultur\u00e1lis rendezv\u00e9nye\" \/>\n<meta name=\"robots\" content=\"index, follow, max-snippet:-1, max-image-preview:large, max-video-preview:-1\" \/>\n<link rel=\"canonical\" href=\"https:\/\/regizene.ro\/2024\/\" \/>\n<meta property=\"og:locale\" content=\"hu_HU\" \/>\n<meta property=\"og:type\" content=\"article\" \/>\n<meta property=\"og:title\" content=\"Cs\u00edkszereda R\u00e9gizene Fesztiv\u00e1l\" \/>\n<meta property=\"og:description\" content=\"Az els\u0151 R\u00e9gizene Fesztiv\u00e1lt 1980-ban szervezt\u00e9k meg Cs\u00edkszered\u00e1ban, \u00edgy Rom\u00e1nia legnagyobb m\u00faltra visszatekint\u0151 fesztiv\u00e1lja.\" \/>\n<meta property=\"og:url\" content=\"https:\/\/regizene.ro\/2024\/\" \/>\n<meta property=\"og:site_name\" content=\"Regizene\" \/>\n<meta property=\"article:modified_time\" content=\"2024-07-11T18:13:41+00:00\" \/>\n<meta property=\"og:image\" content=\"https:\/\/regizene.ro\/2024\/wp-content\/uploads\/2024\/04\/Regizene_2024_Landing_BG-01.jpg\" \/>\n\t<meta property=\"og:image:width\" content=\"1920\" \/>\n\t<meta property=\"og:image:height\" content=\"1080\" \/>\n\t<meta property=\"og:image:type\" content=\"image\/jpeg\" \/>\n<meta name=\"twitter:card\" content=\"summary_large_image\" \/>\n<meta name=\"twitter:label1\" content=\"Becs\u00fclt olvas\u00e1si id\u0151\" \/>\n\t<meta name=\"twitter:data1\" content=\"8 perc\" \/>\n<script type=\"application\/ld+json\" class=\"yoast-schema-graph\">{\"@context\":\"https:\/\/schema.org\",\"@graph\":[{\"@type\":\"WebPage\",\"@id\":\"https:\/\/regizene.ro\/2024\/\",\"url\":\"https:\/\/regizene.ro\/2024\/\",\"name\":\"A Fesztiv\u00e1l - Regizene\",\"isPartOf\":{\"@id\":\"https:\/\/regizene.ro\/2024\/#website\"},\"primaryImageOfPage\":{\"@id\":\"https:\/\/regizene.ro\/2024\/#primaryimage\"},\"image\":{\"@id\":\"https:\/\/regizene.ro\/2024\/#primaryimage\"},\"thumbnailUrl\":\"https:\/\/regizene.ro\/2024\/wp-content\/uploads\/2023\/07\/17.-Sippal-dobbal-Nadi-hegeduvel_Gyermekfoglalkozas._Adam-REbeka.jpg\",\"datePublished\":\"2023-06-06T05:44:44+00:00\",\"dateModified\":\"2024-07-11T18:13:41+00:00\",\"description\":\"A Cs\u00edkszeredai R\u00e9gizene Fesztiv\u00e1l 1980-ban indult, a t\u00e9rs\u00e9g egyik legfontosabb kultur\u00e1lis rendezv\u00e9nye\",\"breadcrumb\":{\"@id\":\"https:\/\/regizene.ro\/2024\/#breadcrumb\"},\"inLanguage\":\"hu\",\"potentialAction\":[{\"@type\":\"ReadAction\",\"target\":[\"https:\/\/regizene.ro\/2024\/\"]}]},{\"@type\":\"ImageObject\",\"inLanguage\":\"hu\",\"@id\":\"https:\/\/regizene.ro\/2024\/#primaryimage\",\"url\":\"https:\/\/regizene.ro\/2024\/wp-content\/uploads\/2023\/07\/17.-Sippal-dobbal-Nadi-hegeduvel_Gyermekfoglalkozas._Adam-REbeka.jpg\",\"contentUrl\":\"https:\/\/regizene.ro\/2024\/wp-content\/uploads\/2023\/07\/17.-Sippal-dobbal-Nadi-hegeduvel_Gyermekfoglalkozas._Adam-REbeka.jpg\",\"width\":2048,\"height\":1480,\"caption\":\"\u201eWith Pipes, Drums, Fiddles\u201d\"},{\"@type\":\"BreadcrumbList\",\"@id\":\"https:\/\/regizene.ro\/2024\/#breadcrumb\",\"itemListElement\":[{\"@type\":\"ListItem\",\"position\":1,\"name\":\"Kezd\u0151lap\",\"item\":\"https:\/\/regizene.ro\/2024\/\"},{\"@type\":\"ListItem\",\"position\":2,\"name\":\"A Fesztiv\u00e1l\"}]},{\"@type\":\"WebSite\",\"@id\":\"https:\/\/regizene.ro\/2024\/#website\",\"url\":\"https:\/\/regizene.ro\/2024\/\",\"name\":\"Regizene\",\"description\":\"\",\"potentialAction\":[{\"@type\":\"SearchAction\",\"target\":{\"@type\":\"EntryPoint\",\"urlTemplate\":\"https:\/\/regizene.ro\/2024\/?s={search_term_string}\"},\"query-input\":{\"@type\":\"PropertyValueSpecification\",\"valueRequired\":true,\"valueName\":\"search_term_string\"}}],\"inLanguage\":\"hu\"}]}<\/script>\n<!-- \/ Yoast SEO plugin. -->","yoast_head_json":{"title":"A Fesztiv\u00e1l - Regizene","description":"A Cs\u00edkszeredai R\u00e9gizene Fesztiv\u00e1l 1980-ban indult, a t\u00e9rs\u00e9g egyik legfontosabb kultur\u00e1lis rendezv\u00e9nye","robots":{"index":"index","follow":"follow","max-snippet":"max-snippet:-1","max-image-preview":"max-image-preview:large","max-video-preview":"max-video-preview:-1"},"canonical":"https:\/\/regizene.ro\/2024\/","og_locale":"hu_HU","og_type":"article","og_title":"Cs\u00edkszereda R\u00e9gizene Fesztiv\u00e1l","og_description":"Az els\u0151 R\u00e9gizene Fesztiv\u00e1lt 1980-ban szervezt\u00e9k meg Cs\u00edkszered\u00e1ban, \u00edgy Rom\u00e1nia legnagyobb m\u00faltra visszatekint\u0151 fesztiv\u00e1lja.","og_url":"https:\/\/regizene.ro\/2024\/","og_site_name":"Regizene","article_modified_time":"2024-07-11T18:13:41+00:00","og_image":[{"width":1920,"height":1080,"url":"https:\/\/regizene.ro\/2024\/wp-content\/uploads\/2024\/04\/Regizene_2024_Landing_BG-01.jpg","type":"image\/jpeg"}],"twitter_card":"summary_large_image","twitter_misc":{"Becs\u00fclt olvas\u00e1si id\u0151":"8 perc"},"schema":{"@context":"https:\/\/schema.org","@graph":[{"@type":"WebPage","@id":"https:\/\/regizene.ro\/2024\/","url":"https:\/\/regizene.ro\/2024\/","name":"A Fesztiv\u00e1l - Regizene","isPartOf":{"@id":"https:\/\/regizene.ro\/2024\/#website"},"primaryImageOfPage":{"@id":"https:\/\/regizene.ro\/2024\/#primaryimage"},"image":{"@id":"https:\/\/regizene.ro\/2024\/#primaryimage"},"thumbnailUrl":"https:\/\/regizene.ro\/2024\/wp-content\/uploads\/2023\/07\/17.-Sippal-dobbal-Nadi-hegeduvel_Gyermekfoglalkozas._Adam-REbeka.jpg","datePublished":"2023-06-06T05:44:44+00:00","dateModified":"2024-07-11T18:13:41+00:00","description":"A Cs\u00edkszeredai R\u00e9gizene Fesztiv\u00e1l 1980-ban indult, a t\u00e9rs\u00e9g egyik legfontosabb kultur\u00e1lis rendezv\u00e9nye","breadcrumb":{"@id":"https:\/\/regizene.ro\/2024\/#breadcrumb"},"inLanguage":"hu","potentialAction":[{"@type":"ReadAction","target":["https:\/\/regizene.ro\/2024\/"]}]},{"@type":"ImageObject","inLanguage":"hu","@id":"https:\/\/regizene.ro\/2024\/#primaryimage","url":"https:\/\/regizene.ro\/2024\/wp-content\/uploads\/2023\/07\/17.-Sippal-dobbal-Nadi-hegeduvel_Gyermekfoglalkozas._Adam-REbeka.jpg","contentUrl":"https:\/\/regizene.ro\/2024\/wp-content\/uploads\/2023\/07\/17.-Sippal-dobbal-Nadi-hegeduvel_Gyermekfoglalkozas._Adam-REbeka.jpg","width":2048,"height":1480,"caption":"\u201eWith Pipes, Drums, Fiddles\u201d"},{"@type":"BreadcrumbList","@id":"https:\/\/regizene.ro\/2024\/#breadcrumb","itemListElement":[{"@type":"ListItem","position":1,"name":"Kezd\u0151lap","item":"https:\/\/regizene.ro\/2024\/"},{"@type":"ListItem","position":2,"name":"A Fesztiv\u00e1l"}]},{"@type":"WebSite","@id":"https:\/\/regizene.ro\/2024\/#website","url":"https:\/\/regizene.ro\/2024\/","name":"Regizene","description":"","potentialAction":[{"@type":"SearchAction","target":{"@type":"EntryPoint","urlTemplate":"https:\/\/regizene.ro\/2024\/?s={search_term_string}"},"query-input":{"@type":"PropertyValueSpecification","valueRequired":true,"valueName":"search_term_string"}}],"inLanguage":"hu"}]}},"_links":{"self":[{"href":"https:\/\/regizene.ro\/2024\/wp-json\/wp\/v2\/pages\/6","targetHints":{"allow":["GET"]}}],"collection":[{"href":"https:\/\/regizene.ro\/2024\/wp-json\/wp\/v2\/pages"}],"about":[{"href":"https:\/\/regizene.ro\/2024\/wp-json\/wp\/v2\/types\/page"}],"author":[{"embeddable":true,"href":"https:\/\/regizene.ro\/2024\/wp-json\/wp\/v2\/users\/1"}],"replies":[{"embeddable":true,"href":"https:\/\/regizene.ro\/2024\/wp-json\/wp\/v2\/comments?post=6"}],"version-history":[{"count":113,"href":"https:\/\/regizene.ro\/2024\/wp-json\/wp\/v2\/pages\/6\/revisions"}],"predecessor-version":[{"id":1365,"href":"https:\/\/regizene.ro\/2024\/wp-json\/wp\/v2\/pages\/6\/revisions\/1365"}],"wp:featuredmedia":[{"embeddable":true,"href":"https:\/\/regizene.ro\/2024\/wp-json\/wp\/v2\/media\/474"}],"wp:attachment":[{"href":"https:\/\/regizene.ro\/2024\/wp-json\/wp\/v2\/media?parent=6"}],"curies":[{"name":"wp","href":"https:\/\/api.w.org\/{rel}","templated":true}]}}